{"id":2080,"date":"2017-11-18T21:40:41","date_gmt":"2017-11-18T19:40:41","guid":{"rendered":"http:\/\/exteriorscastellar.com\/?page_id=2080"},"modified":"2026-09-02T11:00:11","modified_gmt":"2026-09-02T09:00:11","slug":"porches-pergolas-y-toldos","status":"publish","type":"page","link":"https:\/\/exteriorscastellar.com\/es\/galeria-de-trabajos\/porches-pergolas-y-toldos\/","title":{"rendered":"Porches, P\u00e9rgolas y Toldos"},"content":{"rendered":"\n<style type=\"text\/css\" data-created_by=\"avia_inline_auto\" id=\"style-css-av-1g0z65c-8f4d8b8721f4c1a98b6db5fc62f06c33\">\n.flex_column.av-1g0z65c-8f4d8b8721f4c1a98b6db5fc62f06c33{\nborder-radius:0px 0px 0px 0px;\npadding:0px 0px 0px 0px;\n}\n<\/style>\n<div  class='flex_column av-1g0z65c-8f4d8b8721f4c1a98b6db5fc62f06c33 av_one_full  avia-builder-el-0  el_before_av_one_third  avia-builder-el-first  first flex_column_div av-zero-column-padding  '     ><section  class='av_textblock_section av-1ewq1xs-d28fe90d3ed9261c08c71e2ce7d10f79 '   itemscope=\"itemscope\" itemtype=\"https:\/\/schema.org\/CreativeWork\" ><div class='avia_textblock'  itemprop=\"text\" ><p>A continuaci\u00f3n presentamos el dise\u00f1o y construcci\u00f3n de nuestros Porches y P\u00e9rgolas, estructuras adaptables a cualquier tipo de superficie, como prolongaci\u00f3n de terrazas o cubrimiento de espacios exteriores. Dise\u00f1amos cada proyecto a medida y con los materiales m\u00e1s adecuados. La madera que instalamos es de la m\u00e1xima calidad y garant\u00eda, aplicando los correspondientes tratamientos para su correcta conservaci\u00f3n y durabilidad. <a href=\"http:\/\/exteriorscastellar.com\/contacto\/?lang=es\">Contacta con nosotros<\/a> para solicitarnos la evaluaci\u00f3n y presupuesto sin compromiso de tu proyecto.<\/p>\n<\/div><\/section><\/div>\n\n<style type=\"text\/css\" data-created_by=\"avia_inline_auto\" id=\"style-css-av-1cpnh34-98afcf76ab7b0096bb1151a889b1fc27\">\n.flex_column.av-1cpnh34-98afcf76ab7b0096bb1151a889b1fc27{\nborder-radius:0px 0px 0px 0px;\npadding:0px 0px 0px 0px;\n}\n<\/style>\n<div  class='flex_column av-1cpnh34-98afcf76ab7b0096bb1151a889b1fc27 av_one_third  avia-builder-el-2  el_after_av_one_full  el_before_av_one_third  first flex_column_div av-zero-column-padding  column-top-margin'     ><style type=\"text\/css\" data-created_by=\"avia_inline_auto\" id=\"style-css-av-jnk4f8mj-410a85b42a8ac76101adafbbeceb3f9e\">\n.avia-image-container.av-jnk4f8mj-410a85b42a8ac76101adafbbeceb3f9e img.avia_image{\nbox-shadow:none;\n}\n.avia-image-container.av-jnk4f8mj-410a85b42a8ac76101adafbbeceb3f9e .av-caption-image-overlay-bg{\nopacity:0.4;\nbackground-color:#000000;\n}\n.avia-image-container.av-jnk4f8mj-410a85b42a8ac76101adafbbeceb3f9e .av-image-caption-overlay-center{\ncolor:#ffffff;\n}\n<\/style>\n<div  class='avia-image-container av-jnk4f8mj-410a85b42a8ac76101adafbbeceb3f9e av-styling- av-img-linked avia-align-center  avia-builder-el-3  avia-builder-el-no-sibling  noHover av-overlay-hover-deactivate'   itemprop=\"image\" itemscope=\"itemscope\" itemtype=\"https:\/\/schema.org\/ImageObject\" ><div class=\"avia-image-container-inner\"><div class=\"avia-image-overlay-wrap\"><a href=\"https:\/\/exteriorscastellar.com\/es\/galeria-de-trabajos\/porches-pergolas-y-toldos\/pp55-pergola-de-aluminio-con-toldo-screen-e-iluminacion-led-en-castellar-del-valles\/\" class='avia_image '  aria-label='pp55-00'><div class=\"av-image-caption-overlay\"><div class=\"av-caption-image-overlay-bg\"><\/div><div class=\"av-image-caption-overlay-position\"><div class=\"av-image-caption-overlay-center\"><p>PP55<br \/>\nP\u00e9rgola, toldo screen<br \/>\n[ + ]<\/p>\n<\/div><\/div><\/div><img decoding=\"async\" fetchpriority=\"high\" class='wp-image-15432 avia-img-lazy-loading-not-15432 avia_image ' src=\"https:\/\/exteriorscastellar.com\/wp-content\/uploads\/2026\/07\/pp55-00-180x180.jpg\" alt='' title='pp55-00'  height=\"180\" width=\"180\"  itemprop=\"thumbnailUrl\" srcset=\"https:\/\/exteriorscastellar.com\/wp-content\/uploads\/2026\/07\/pp55-00-180x180.jpg 180w, https:\/\/exteriorscastellar.com\/wp-content\/uploads\/2026\/07\/pp55-00-80x80.jpg 80w, https:\/\/exteriorscastellar.com\/wp-content\/uploads\/2026\/07\/pp55-00-36x36.jpg 36w\" sizes=\"(max-width: 180px) 100vw, 180px\" \/><\/a><\/div><\/div><\/div><\/div>\n\n<style type=\"text\/css\" data-created_by=\"avia_inline_auto\" id=\"style-css-av-4sfe40-cfdefcd07f710a268a1e59a83d1e084f\">\n.flex_column.av-4sfe40-cfdefcd07f710a268a1e59a83d1e084f{\nborder-radius:0px 0px 0px 0px;\npadding:0px 0px 0px 0px;\n}\n<\/style>\n<div  class='flex_column av-4sfe40-cfdefcd07f710a268a1e59a83d1e084f av_one_third  avia-builder-el-4  el_after_av_one_third  el_before_av_one_third  flex_column_div av-zero-column-padding  column-top-margin'     ><style type=\"text\/css\" data-created_by=\"avia_inline_auto\" id=\"style-css-av-36fzi8-867820fb040686ddb906595f4ef58084\">\n.avia-image-container.av-36fzi8-867820fb040686ddb906595f4ef58084 img.avia_image{\nbox-shadow:none;\n}\n.avia-image-container.av-36fzi8-867820fb040686ddb906595f4ef58084 .av-caption-image-overlay-bg{\nopacity:0.4;\nbackground-color:#000000;\n}\n.avia-image-container.av-36fzi8-867820fb040686ddb906595f4ef58084 .av-image-caption-overlay-center{\ncolor:#ffffff;\n}\n<\/style>\n<div  class='avia-image-container av-36fzi8-867820fb040686ddb906595f4ef58084 av-styling- av-img-linked avia-align-center  avia-builder-el-5  avia-builder-el-no-sibling  noHover av-overlay-hover-deactivate'   itemprop=\"image\" itemscope=\"itemscope\" itemtype=\"https:\/\/schema.org\/ImageObject\" ><div class=\"avia-image-container-inner\"><div class=\"avia-image-overlay-wrap\"><a href=\"https:\/\/exteriorscastellar.com\/es\/galeria-de-trabajos\/porches-pergolas-y-toldos\/pp54-pergola-aluminio-ral7016-texturado\/\" class='avia_image '  aria-label='pp54-01'><div class=\"av-image-caption-overlay\"><div class=\"av-caption-image-overlay-bg\"><\/div><div class=\"av-image-caption-overlay-position\"><div class=\"av-image-caption-overlay-center\"><p>PP54<br \/>\nP\u00e9rgola aluminio Ral 7016<br \/>\n[ + ]<\/p>\n<\/div><\/div><\/div><img decoding=\"async\" fetchpriority=\"high\" class='wp-image-15310 avia-img-lazy-loading-not-15310 avia_image ' src=\"https:\/\/exteriorscastellar.com\/wp-content\/uploads\/2026\/07\/pp54-01-180x180.jpg\" alt='' title='pp54-01'  height=\"180\" width=\"180\"  itemprop=\"thumbnailUrl\" srcset=\"https:\/\/exteriorscastellar.com\/wp-content\/uploads\/2026\/07\/pp54-01-180x180.jpg 180w, https:\/\/exteriorscastellar.com\/wp-content\/uploads\/2026\/07\/pp54-01-80x80.jpg 80w, https:\/\/exteriorscastellar.com\/wp-content\/uploads\/2026\/07\/pp54-01-36x36.jpg 36w\" sizes=\"(max-width: 180px) 100vw, 180px\" \/><\/a><\/div><\/div><\/div><\/div>\n\n<style type=\"text\/css\" data-created_by=\"avia_inline_auto\" id=\"style-css-av-4o8aao-116ac300759f45871d71057ee3fe8ad6\">\n.flex_column.av-4o8aao-116ac300759f45871d71057ee3fe8ad6{\nborder-radius:0px 0px 0px 0px;\npadding:0px 0px 0px 0px;\n}\n<\/style>\n<div  class='flex_column av-4o8aao-116ac300759f45871d71057ee3fe8ad6 av_one_third  avia-builder-el-6  el_after_av_one_third  el_before_av_one_third  flex_column_div av-zero-column-padding  column-top-margin'     ><style type=\"text\/css\" data-created_by=\"avia_inline_auto\" id=\"style-css-av-29q03k-433e5acf909ac38bd85e2a5a74b84afb\">\n.avia-image-container.av-29q03k-433e5acf909ac38bd85e2a5a74b84afb img.avia_image{\nbox-shadow:none;\n}\n.avia-image-container.av-29q03k-433e5acf909ac38bd85e2a5a74b84afb .av-caption-image-overlay-bg{\nopacity:0.4;\nbackground-color:#000000;\n}\n.avia-image-container.av-29q03k-433e5acf909ac38bd85e2a5a74b84afb .av-image-caption-overlay-center{\ncolor:#ffffff;\n}\n<\/style>\n<div  class='avia-image-container av-29q03k-433e5acf909ac38bd85e2a5a74b84afb av-styling- av-img-linked avia-align-center  avia-builder-el-7  avia-builder-el-no-sibling  noHover av-overlay-hover-deactivate'   itemprop=\"image\" itemscope=\"itemscope\" itemtype=\"https:\/\/schema.org\/ImageObject\" ><div class=\"avia-image-container-inner\"><div class=\"avia-image-overlay-wrap\"><a href=\"https:\/\/exteriorscastellar.com\/es\/galeria-de-trabajos\/porches-pergolas-y-toldos\/pp53-porche-de-estilo-mediterraneo-amplitud-luz-y-elegancia\/\" class='avia_image '  aria-label='pp53-01'><div class=\"av-image-caption-overlay\"><div class=\"av-caption-image-overlay-bg\"><\/div><div class=\"av-image-caption-overlay-position\"><div class=\"av-image-caption-overlay-center\"><p>PP53<br \/>\nPorche mediterr\u00e1neo<br \/>\n[ + ]<\/p>\n<\/div><\/div><\/div><img decoding=\"async\" fetchpriority=\"high\" class='wp-image-15212 avia-img-lazy-loading-not-15212 avia_image ' src=\"https:\/\/exteriorscastellar.com\/wp-content\/uploads\/2026\/06\/pp53-01-180x180.jpg\" alt='' title='pp53-01'  height=\"180\" width=\"180\"  itemprop=\"thumbnailUrl\" srcset=\"https:\/\/exteriorscastellar.com\/wp-content\/uploads\/2026\/06\/pp53-01-180x180.jpg 180w, https:\/\/exteriorscastellar.com\/wp-content\/uploads\/2026\/06\/pp53-01-80x80.jpg 80w, https:\/\/exteriorscastellar.com\/wp-content\/uploads\/2026\/06\/pp53-01-36x36.jpg 36w\" sizes=\"(max-width: 180px) 100vw, 180px\" \/><\/a><\/div><\/div><\/div><\/div>\n\n<style type=\"text\/css\" data-created_by=\"avia_inline_auto\" id=\"style-css-av-4q3suo-307a2343684049130527bddafdfebcc0\">\n.flex_column.av-4q3suo-307a2343684049130527bddafdfebcc0{\nborder-radius:0px 0px 0px 0px;\npadding:0px 0px 0px 0px;\n}\n<\/style>\n<div  class='flex_column av-4q3suo-307a2343684049130527bddafdfebcc0 av_one_third  avia-builder-el-8  el_after_av_one_third  el_before_av_one_third  first flex_column_div av-zero-column-padding  column-top-margin'     ><style type=\"text\/css\" data-created_by=\"avia_inline_auto\" id=\"style-css-av-30w0fk-a25620a7c9b93a97b91ba6b71ab71757\">\n.avia-image-container.av-30w0fk-a25620a7c9b93a97b91ba6b71ab71757 img.avia_image{\nbox-shadow:none;\n}\n.avia-image-container.av-30w0fk-a25620a7c9b93a97b91ba6b71ab71757 .av-caption-image-overlay-bg{\nopacity:0.4;\nbackground-color:#000000;\n}\n.avia-image-container.av-30w0fk-a25620a7c9b93a97b91ba6b71ab71757 .av-image-caption-overlay-center{\ncolor:#ffffff;\n}\n<\/style>\n<div  class='avia-image-container av-30w0fk-a25620a7c9b93a97b91ba6b71ab71757 av-styling- av-img-linked avia-align-center  avia-builder-el-9  avia-builder-el-no-sibling  noHover av-overlay-hover-deactivate'   itemprop=\"image\" itemscope=\"itemscope\" itemtype=\"https:\/\/schema.org\/ImageObject\" ><div class=\"avia-image-container-inner\"><div class=\"avia-image-overlay-wrap\"><a href=\"https:\/\/exteriorscastellar.com\/es\/galeria-de-trabajos\/porches-pergolas-y-toldos\/pp52-porche-cochera-de-madera-laminada-de-7x5-m\/\" class='avia_image '  aria-label='pp52-02'><div class=\"av-image-caption-overlay\"><div class=\"av-caption-image-overlay-bg\"><\/div><div class=\"av-image-caption-overlay-position\"><div class=\"av-image-caption-overlay-center\"><p>PP52<br \/>\nPorche cochera<br \/>\n[ + ]<\/p>\n<\/div><\/div><\/div><img decoding=\"async\" fetchpriority=\"high\" class='wp-image-14878 avia-img-lazy-loading-not-14878 avia_image ' src=\"https:\/\/exteriorscastellar.com\/wp-content\/uploads\/2026\/05\/pp52-02-180x180.jpg\" alt='' title='pp52-02'  height=\"180\" width=\"180\"  itemprop=\"thumbnailUrl\" srcset=\"https:\/\/exteriorscastellar.com\/wp-content\/uploads\/2026\/05\/pp52-02-180x180.jpg 180w, https:\/\/exteriorscastellar.com\/wp-content\/uploads\/2026\/05\/pp52-02-80x80.jpg 80w, https:\/\/exteriorscastellar.com\/wp-content\/uploads\/2026\/05\/pp52-02-36x36.jpg 36w\" sizes=\"(max-width: 180px) 100vw, 180px\" \/><\/a><\/div><\/div><\/div><\/div>\n\n<style type=\"text\/css\" data-created_by=\"avia_inline_auto\" id=\"style-css-av-4fwn9c-db1f4c1551db3dc1658143009bc9d8f1\">\n.flex_column.av-4fwn9c-db1f4c1551db3dc1658143009bc9d8f1{\nborder-radius:0px 0px 0px 0px;\npadding:0px 0px 0px 0px;\n}\n<\/style>\n<div  class='flex_column av-4fwn9c-db1f4c1551db3dc1658143009bc9d8f1 av_one_third  avia-builder-el-10  el_after_av_one_third  el_before_av_one_third  flex_column_div av-zero-column-padding  column-top-margin'     ><style type=\"text\/css\" data-created_by=\"avia_inline_auto\" id=\"style-css-av-28ycq8-cb81d9b5bb83715b18655a09f4603233\">\n.avia-image-container.av-28ycq8-cb81d9b5bb83715b18655a09f4603233 img.avia_image{\nbox-shadow:none;\n}\n.avia-image-container.av-28ycq8-cb81d9b5bb83715b18655a09f4603233 .av-caption-image-overlay-bg{\nopacity:0.4;\nbackground-color:#000000;\n}\n.avia-image-container.av-28ycq8-cb81d9b5bb83715b18655a09f4603233 .av-image-caption-overlay-center{\ncolor:#ffffff;\n}\n<\/style>\n<div  class='avia-image-container av-28ycq8-cb81d9b5bb83715b18655a09f4603233 av-styling- av-img-linked avia-align-center  avia-builder-el-11  avia-builder-el-no-sibling  noHover av-overlay-hover-deactivate'   itemprop=\"image\" itemscope=\"itemscope\" itemtype=\"https:\/\/schema.org\/ImageObject\" ><div class=\"avia-image-container-inner\"><div class=\"avia-image-overlay-wrap\"><a href=\"https:\/\/exteriorscastellar.com\/es\/galeria-de-trabajos\/porches-pergolas-y-toldos\/pp51-dos-estructuras-porche-de-madera-y-pergola-de-aluminio\/\" class='avia_image '  aria-label='pp51-01'><div class=\"av-image-caption-overlay\"><div class=\"av-caption-image-overlay-bg\"><\/div><div class=\"av-image-caption-overlay-position\"><div class=\"av-image-caption-overlay-center\"><p>PP51<br \/>\nPorche y p\u00e9rgola<br \/>\n[ + ]<\/p>\n<\/div><\/div><\/div><img decoding=\"async\" fetchpriority=\"high\" class='wp-image-14106 avia-img-lazy-loading-not-14106 avia_image ' src=\"https:\/\/exteriorscastellar.com\/wp-content\/uploads\/2025\/12\/pp51-01-180x180.jpg\" alt='' title='pp51-01'  height=\"180\" width=\"180\"  itemprop=\"thumbnailUrl\" srcset=\"https:\/\/exteriorscastellar.com\/wp-content\/uploads\/2025\/12\/pp51-01-180x180.jpg 180w, https:\/\/exteriorscastellar.com\/wp-content\/uploads\/2025\/12\/pp51-01-80x80.jpg 80w, https:\/\/exteriorscastellar.com\/wp-content\/uploads\/2025\/12\/pp51-01-36x36.jpg 36w\" sizes=\"(max-width: 180px) 100vw, 180px\" \/><\/a><\/div><\/div><\/div><\/div>\n\n<style type=\"text\/css\" data-created_by=\"avia_inline_auto\" id=\"style-css-av-43n474-0e0cd9d36aa7f99fdd1c34c5aad10832\">\n.flex_column.av-43n474-0e0cd9d36aa7f99fdd1c34c5aad10832{\nborder-radius:0px 0px 0px 0px;\npadding:0px 0px 0px 0px;\n}\n<\/style>\n<div  class='flex_column av-43n474-0e0cd9d36aa7f99fdd1c34c5aad10832 av_one_third  avia-builder-el-12  el_after_av_one_third  el_before_av_one_third  flex_column_div av-zero-column-padding  column-top-margin'     ><style type=\"text\/css\" data-created_by=\"avia_inline_auto\" id=\"style-css-av-346bow-1238c55e1bf25a913b03b5e129d9dbd1\">\n.avia-image-container.av-346bow-1238c55e1bf25a913b03b5e129d9dbd1 img.avia_image{\nbox-shadow:none;\n}\n.avia-image-container.av-346bow-1238c55e1bf25a913b03b5e129d9dbd1 .av-caption-image-overlay-bg{\nopacity:0.4;\nbackground-color:#000000;\n}\n.avia-image-container.av-346bow-1238c55e1bf25a913b03b5e129d9dbd1 .av-image-caption-overlay-center{\ncolor:#ffffff;\n}\n<\/style>\n<div  class='avia-image-container av-346bow-1238c55e1bf25a913b03b5e129d9dbd1 av-styling- av-img-linked avia-align-center  avia-builder-el-13  avia-builder-el-no-sibling  noHover av-overlay-hover-deactivate'   itemprop=\"image\" itemscope=\"itemscope\" itemtype=\"https:\/\/schema.org\/ImageObject\" ><div class=\"avia-image-container-inner\"><div class=\"avia-image-overlay-wrap\"><a href=\"https:\/\/exteriorscastellar.com\/es\/galeria-de-trabajos\/porches-pergolas-y-toldos\/pp50-pergola-varna-con-estructura-de-aluminio\/\" class='avia_image '  aria-label='pp50-01'><div class=\"av-image-caption-overlay\"><div class=\"av-caption-image-overlay-bg\"><\/div><div class=\"av-image-caption-overlay-position\"><div class=\"av-image-caption-overlay-center\"><p>PP50<br \/>\nP\u00e9rgola Varna<br \/>\n[ + ]<\/p>\n<\/div><\/div><\/div><img decoding=\"async\" fetchpriority=\"high\" class='wp-image-13895 avia-img-lazy-loading-not-13895 avia_image ' src=\"https:\/\/exteriorscastellar.com\/wp-content\/uploads\/2025\/10\/pp50-01-180x180.jpg\" alt='' title='pp50-01'  height=\"180\" width=\"180\"  itemprop=\"thumbnailUrl\" srcset=\"https:\/\/exteriorscastellar.com\/wp-content\/uploads\/2025\/10\/pp50-01-180x180.jpg 180w, https:\/\/exteriorscastellar.com\/wp-content\/uploads\/2025\/10\/pp50-01-80x80.jpg 80w, https:\/\/exteriorscastellar.com\/wp-content\/uploads\/2025\/10\/pp50-01-36x36.jpg 36w\" sizes=\"(max-width: 180px) 100vw, 180px\" \/><\/a><\/div><\/div><\/div><\/div>\n\n<style type=\"text\/css\" data-created_by=\"avia_inline_auto\" id=\"style-css-av-481q2o-c5696a00b1735af0fc2421994ac6cedf\">\n.flex_column.av-481q2o-c5696a00b1735af0fc2421994ac6cedf{\nborder-radius:0px 0px 0px 0px;\npadding:0px 0px 0px 0px;\n}\n<\/style>\n<div  class='flex_column av-481q2o-c5696a00b1735af0fc2421994ac6cedf av_one_third  avia-builder-el-14  el_after_av_one_third  el_before_av_one_third  first flex_column_div av-zero-column-padding  column-top-margin'     ><style type=\"text\/css\" data-created_by=\"avia_inline_auto\" id=\"style-css-av-348wa8-0aabe6b5140fdcb7b532179a1af9de96\">\n.avia-image-container.av-348wa8-0aabe6b5140fdcb7b532179a1af9de96 img.avia_image{\nbox-shadow:none;\n}\n.avia-image-container.av-348wa8-0aabe6b5140fdcb7b532179a1af9de96 .av-caption-image-overlay-bg{\nopacity:0.4;\nbackground-color:#000000;\n}\n.avia-image-container.av-348wa8-0aabe6b5140fdcb7b532179a1af9de96 .av-image-caption-overlay-center{\ncolor:#ffffff;\n}\n<\/style>\n<div  class='avia-image-container av-348wa8-0aabe6b5140fdcb7b532179a1af9de96 av-styling- av-img-linked avia-align-center  avia-builder-el-15  avia-builder-el-no-sibling  noHover av-overlay-hover-deactivate'   itemprop=\"image\" itemscope=\"itemscope\" itemtype=\"https:\/\/schema.org\/ImageObject\" ><div class=\"avia-image-container-inner\"><div class=\"avia-image-overlay-wrap\"><a href=\"https:\/\/exteriorscastellar.com\/es\/galeria-de-trabajos\/porches-pergolas-y-toldos\/pp49-pergola-de-aluminio-modelo-praga\/\" class='avia_image '  aria-label='pp49-01'><div class=\"av-image-caption-overlay\"><div class=\"av-caption-image-overlay-bg\"><\/div><div class=\"av-image-caption-overlay-position\"><div class=\"av-image-caption-overlay-center\"><p>PP49<br \/>\nP\u00e9rgola Praga<br \/>\n[ + ]<\/p>\n<\/div><\/div><\/div><img decoding=\"async\" fetchpriority=\"high\" class='wp-image-13595 avia-img-lazy-loading-not-13595 avia_image ' src=\"https:\/\/exteriorscastellar.com\/wp-content\/uploads\/2025\/07\/pp49-01-180x180.jpg\" alt='' title='pp49-01'  height=\"180\" width=\"180\"  itemprop=\"thumbnailUrl\" srcset=\"https:\/\/exteriorscastellar.com\/wp-content\/uploads\/2025\/07\/pp49-01-180x180.jpg 180w, https:\/\/exteriorscastellar.com\/wp-content\/uploads\/2025\/07\/pp49-01-36x36.jpg 36w\" sizes=\"(max-width: 180px) 100vw, 180px\" \/><\/a><\/div><\/div><\/div><\/div>\n\n<style type=\"text\/css\" data-created_by=\"avia_inline_auto\" id=\"style-css-av-4qanrk-26f6c15f9b9eb639ac572027e0c72581\">\n.flex_column.av-4qanrk-26f6c15f9b9eb639ac572027e0c72581{\nborder-radius:0px 0px 0px 0px;\npadding:0px 0px 0px 0px;\n}\n<\/style>\n<div  class='flex_column av-4qanrk-26f6c15f9b9eb639ac572027e0c72581 av_one_third  avia-builder-el-16  el_after_av_one_third  el_before_av_one_third  flex_column_div av-zero-column-padding  column-top-margin'     ><style type=\"text\/css\" data-created_by=\"avia_inline_auto\" id=\"style-css-av-2eqwg0-4b7dbde4a10b145373f04e42fb60132b\">\n.avia-image-container.av-2eqwg0-4b7dbde4a10b145373f04e42fb60132b img.avia_image{\nbox-shadow:none;\n}\n.avia-image-container.av-2eqwg0-4b7dbde4a10b145373f04e42fb60132b .av-caption-image-overlay-bg{\nopacity:0.4;\nbackground-color:#000000;\n}\n.avia-image-container.av-2eqwg0-4b7dbde4a10b145373f04e42fb60132b .av-image-caption-overlay-center{\ncolor:#ffffff;\n}\n<\/style>\n<div  class='avia-image-container av-2eqwg0-4b7dbde4a10b145373f04e42fb60132b av-styling- av-img-linked avia-align-center  avia-builder-el-17  avia-builder-el-no-sibling  noHover av-overlay-hover-deactivate'   itemprop=\"image\" itemscope=\"itemscope\" itemtype=\"https:\/\/schema.org\/ImageObject\" ><div class=\"avia-image-container-inner\"><div class=\"avia-image-overlay-wrap\"><a href=\"https:\/\/exteriorscastellar.com\/es\/galeria-de-trabajos\/porches-pergolas-y-toldos\/pp48-pergola-roma-wall-bioclimatica-pergola-zerro-air-colgante\/\" class='avia_image '  aria-label='pp48-01'><div class=\"av-image-caption-overlay\"><div class=\"av-caption-image-overlay-bg\"><\/div><div class=\"av-image-caption-overlay-position\"><div class=\"av-image-caption-overlay-center\"><p>PP48<br \/>\nP\u00e9rgola bioclim\u00e1tica y colgante<br \/>\n[ + ]<\/p>\n<\/div><\/div><\/div><img decoding=\"async\" fetchpriority=\"high\" class='wp-image-13539 avia-img-lazy-loading-not-13539 avia_image ' src=\"https:\/\/exteriorscastellar.com\/wp-content\/uploads\/2025\/07\/pp48-01-180x180.jpg\" alt='' title='pp48-01'  height=\"180\" width=\"180\"  itemprop=\"thumbnailUrl\" srcset=\"https:\/\/exteriorscastellar.com\/wp-content\/uploads\/2025\/07\/pp48-01-180x180.jpg 180w, https:\/\/exteriorscastellar.com\/wp-content\/uploads\/2025\/07\/pp48-01-36x36.jpg 36w\" sizes=\"(max-width: 180px) 100vw, 180px\" \/><\/a><\/div><\/div><\/div><\/div>\n\n<style type=\"text\/css\" data-created_by=\"avia_inline_auto\" id=\"style-css-av-4iega8-527a400ec9f0a3a47bb730e0a1fad1ba\">\n.flex_column.av-4iega8-527a400ec9f0a3a47bb730e0a1fad1ba{\nborder-radius:0px 0px 0px 0px;\npadding:0px 0px 0px 0px;\n}\n<\/style>\n<div  class='flex_column av-4iega8-527a400ec9f0a3a47bb730e0a1fad1ba av_one_third  avia-builder-el-18  el_after_av_one_third  el_before_av_one_third  flex_column_div av-zero-column-padding  column-top-margin'     ><style type=\"text\/css\" data-created_by=\"avia_inline_auto\" id=\"style-css-av-2y87cw-db73e4437b35bf60818a4c0362833fcd\">\n.avia-image-container.av-2y87cw-db73e4437b35bf60818a4c0362833fcd img.avia_image{\nbox-shadow:none;\n}\n.avia-image-container.av-2y87cw-db73e4437b35bf60818a4c0362833fcd .av-caption-image-overlay-bg{\nopacity:0.4;\nbackground-color:#000000;\n}\n.avia-image-container.av-2y87cw-db73e4437b35bf60818a4c0362833fcd .av-image-caption-overlay-center{\ncolor:#ffffff;\n}\n<\/style>\n<div  class='avia-image-container av-2y87cw-db73e4437b35bf60818a4c0362833fcd av-styling- av-img-linked avia-align-center  avia-builder-el-19  avia-builder-el-no-sibling  noHover av-overlay-hover-deactivate'   itemprop=\"image\" itemscope=\"itemscope\" itemtype=\"https:\/\/schema.org\/ImageObject\" ><div class=\"avia-image-container-inner\"><div class=\"avia-image-overlay-wrap\"><a href=\"https:\/\/exteriorscastellar.com\/es\/galeria-de-trabajos\/porches-pergolas-y-toldos\/pp47-pergola-de-madera-en-el-vendrell\/\" class='avia_image '  aria-label='pp47-01'><div class=\"av-image-caption-overlay\"><div class=\"av-caption-image-overlay-bg\"><\/div><div class=\"av-image-caption-overlay-position\"><div class=\"av-image-caption-overlay-center\"><p>PP47<br \/>\nP\u00e9rgola El Vendrell<br \/>\n[ + ]<\/p>\n<\/div><\/div><\/div><img decoding=\"async\" fetchpriority=\"high\" class='wp-image-13515 avia-img-lazy-loading-not-13515 avia_image ' src=\"https:\/\/exteriorscastellar.com\/wp-content\/uploads\/2025\/07\/pp47-01-180x180.jpg\" alt='' title='pp47-01'  height=\"180\" width=\"180\"  itemprop=\"thumbnailUrl\" srcset=\"https:\/\/exteriorscastellar.com\/wp-content\/uploads\/2025\/07\/pp47-01-180x180.jpg 180w, https:\/\/exteriorscastellar.com\/wp-content\/uploads\/2025\/07\/pp47-01-36x36.jpg 36w\" sizes=\"(max-width: 180px) 100vw, 180px\" \/><\/a><\/div><\/div><\/div><\/div>\n\n<style type=\"text\/css\" data-created_by=\"avia_inline_auto\" id=\"style-css-av-4ddjxs-389f028ab284507f48b1b8deb10a0bf0\">\n.flex_column.av-4ddjxs-389f028ab284507f48b1b8deb10a0bf0{\nborder-radius:0px 0px 0px 0px;\npadding:0px 0px 0px 0px;\n}\n<\/style>\n<div  class='flex_column av-4ddjxs-389f028ab284507f48b1b8deb10a0bf0 av_one_third  avia-builder-el-20  el_after_av_one_third  el_before_av_one_third  first flex_column_div av-zero-column-padding  column-top-margin'     ><style type=\"text\/css\" data-created_by=\"avia_inline_auto\" id=\"style-css-av-2zyd0g-f3784fbcef520bc43ed53629325bc5ff\">\n.avia-image-container.av-2zyd0g-f3784fbcef520bc43ed53629325bc5ff img.avia_image{\nbox-shadow:none;\n}\n.avia-image-container.av-2zyd0g-f3784fbcef520bc43ed53629325bc5ff .av-caption-image-overlay-bg{\nopacity:0.4;\nbackground-color:#000000;\n}\n.avia-image-container.av-2zyd0g-f3784fbcef520bc43ed53629325bc5ff .av-image-caption-overlay-center{\ncolor:#ffffff;\n}\n<\/style>\n<div  class='avia-image-container av-2zyd0g-f3784fbcef520bc43ed53629325bc5ff av-styling- av-img-linked avia-align-center  avia-builder-el-21  avia-builder-el-no-sibling  noHover av-overlay-hover-deactivate'   itemprop=\"image\" itemscope=\"itemscope\" itemtype=\"https:\/\/schema.org\/ImageObject\" ><div class=\"avia-image-container-inner\"><div class=\"avia-image-overlay-wrap\"><a href=\"https:\/\/exteriorscastellar.com\/es\/galeria-de-trabajos\/porches-pergolas-y-toldos\/pp46-pergola-impermeable-retractil-en-el-maresme\/\" class='avia_image '  aria-label='pp46-01'><div class=\"av-image-caption-overlay\"><div class=\"av-caption-image-overlay-bg\"><\/div><div class=\"av-image-caption-overlay-position\"><div class=\"av-image-caption-overlay-center\"><p>PP46<br \/>\nP\u00e9rgola impermeable retr\u00e1ctil<br \/>\n[ + ]<\/p>\n<\/div><\/div><\/div><img decoding=\"async\" fetchpriority=\"high\" class='wp-image-12917 avia-img-lazy-loading-not-12917 avia_image ' src=\"https:\/\/exteriorscastellar.com\/wp-content\/uploads\/2025\/05\/pp46-01-180x180.jpg\" alt='' title='pp46-01'  height=\"180\" width=\"180\"  itemprop=\"thumbnailUrl\" srcset=\"https:\/\/exteriorscastellar.com\/wp-content\/uploads\/2025\/05\/pp46-01-180x180.jpg 180w, https:\/\/exteriorscastellar.com\/wp-content\/uploads\/2025\/05\/pp46-01-36x36.jpg 36w\" sizes=\"(max-width: 180px) 100vw, 180px\" \/><\/a><\/div><\/div><\/div><\/div>\n\n<style type=\"text\/css\" data-created_by=\"avia_inline_auto\" id=\"style-css-av-4n4mts-0a6e41b72c14535d8629bd53bb663077\">\n.flex_column.av-4n4mts-0a6e41b72c14535d8629bd53bb663077{\nborder-radius:0px 0px 0px 0px;\npadding:0px 0px 0px 0px;\n}\n<\/style>\n<div  class='flex_column av-4n4mts-0a6e41b72c14535d8629bd53bb663077 av_one_third  avia-builder-el-22  el_after_av_one_third  el_before_av_one_third  flex_column_div av-zero-column-padding  column-top-margin'     ><style type=\"text\/css\" data-created_by=\"avia_inline_auto\" id=\"style-css-av-25dytc-c8f7ab2a9f3e236f7dbb3fe74df66884\">\n.avia-image-container.av-25dytc-c8f7ab2a9f3e236f7dbb3fe74df66884 img.avia_image{\nbox-shadow:none;\n}\n.avia-image-container.av-25dytc-c8f7ab2a9f3e236f7dbb3fe74df66884 .av-caption-image-overlay-bg{\nopacity:0.4;\nbackground-color:#000000;\n}\n.avia-image-container.av-25dytc-c8f7ab2a9f3e236f7dbb3fe74df66884 .av-image-caption-overlay-center{\ncolor:#ffffff;\n}\n<\/style>\n<div  class='avia-image-container av-25dytc-c8f7ab2a9f3e236f7dbb3fe74df66884 av-styling- av-img-linked avia-align-center  avia-builder-el-23  avia-builder-el-no-sibling  noHover av-overlay-hover-deactivate'   itemprop=\"image\" itemscope=\"itemscope\" itemtype=\"https:\/\/schema.org\/ImageObject\" ><div class=\"avia-image-container-inner\"><div class=\"avia-image-overlay-wrap\"><a href=\"https:\/\/exteriorscastellar.com\/es\/galeria-de-trabajos\/porches-pergolas-y-toldos\/pp45-pergola-de-aluminio-con-toldo-impermeable\/\" class='avia_image '  aria-label='pp45-114a'><div class=\"av-image-caption-overlay\"><div class=\"av-caption-image-overlay-bg\"><\/div><div class=\"av-image-caption-overlay-position\"><div class=\"av-image-caption-overlay-center\"><p>PP45<br \/>\nP\u00e9rgola de lluvia<br \/>\n[ + ]<\/p>\n<\/div><\/div><\/div><img decoding=\"async\" fetchpriority=\"high\" class='wp-image-12133 avia-img-lazy-loading-not-12133 avia_image ' src=\"https:\/\/exteriorscastellar.com\/wp-content\/uploads\/2024\/11\/pp45-114a-180x180.jpg\" alt='' title='pp45-114a'  height=\"180\" width=\"180\"  itemprop=\"thumbnailUrl\" srcset=\"https:\/\/exteriorscastellar.com\/wp-content\/uploads\/2024\/11\/pp45-114a-180x180.jpg 180w, https:\/\/exteriorscastellar.com\/wp-content\/uploads\/2024\/11\/pp45-114a-36x36.jpg 36w\" sizes=\"(max-width: 180px) 100vw, 180px\" \/><\/a><\/div><\/div><\/div><\/div>\n\n<style type=\"text\/css\" data-created_by=\"avia_inline_auto\" id=\"style-css-av-4ox5cw-bf369e6ad1fa0c0889478977d5829a00\">\n.flex_column.av-4ox5cw-bf369e6ad1fa0c0889478977d5829a00{\nborder-radius:0px 0px 0px 0px;\npadding:0px 0px 0px 0px;\n}\n<\/style>\n<div  class='flex_column av-4ox5cw-bf369e6ad1fa0c0889478977d5829a00 av_one_third  avia-builder-el-24  el_after_av_one_third  el_before_av_one_third  flex_column_div av-zero-column-padding  column-top-margin'     ><style type=\"text\/css\" data-created_by=\"avia_inline_auto\" id=\"style-css-av-2c7leo-a7bf3388c6a828392d80e04d49d02e85\">\n.avia-image-container.av-2c7leo-a7bf3388c6a828392d80e04d49d02e85 img.avia_image{\nbox-shadow:none;\n}\n.avia-image-container.av-2c7leo-a7bf3388c6a828392d80e04d49d02e85 .av-caption-image-overlay-bg{\nopacity:0.4;\nbackground-color:#000000;\n}\n.avia-image-container.av-2c7leo-a7bf3388c6a828392d80e04d49d02e85 .av-image-caption-overlay-center{\ncolor:#ffffff;\n}\n<\/style>\n<div  class='avia-image-container av-2c7leo-a7bf3388c6a828392d80e04d49d02e85 av-styling- av-img-linked avia-align-center  avia-builder-el-25  avia-builder-el-no-sibling  noHover av-overlay-hover-deactivate'   itemprop=\"image\" itemscope=\"itemscope\" itemtype=\"https:\/\/schema.org\/ImageObject\" ><div class=\"avia-image-container-inner\"><div class=\"avia-image-overlay-wrap\"><a href=\"https:\/\/exteriorscastellar.com\/es\/galeria-de-trabajos\/porches-pergolas-y-toldos\/pp44-pergola-aluminio-sant-cugat-del-valles\/\" class='avia_image '  aria-label='pp4-03'><div class=\"av-image-caption-overlay\"><div class=\"av-caption-image-overlay-bg\"><\/div><div class=\"av-image-caption-overlay-position\"><div class=\"av-image-caption-overlay-center\"><p>PP44<br \/>\nP\u00e8rgola aluminio Sant Cugat<br \/>\n[ + ]<\/p>\n<\/div><\/div><\/div><img decoding=\"async\" fetchpriority=\"high\" class='wp-image-11813 avia-img-lazy-loading-not-11813 avia_image ' src=\"https:\/\/exteriorscastellar.com\/wp-content\/uploads\/2024\/09\/pp4-03-180x180.jpg\" alt='' title='pp4-03'  height=\"180\" width=\"180\"  itemprop=\"thumbnailUrl\" srcset=\"https:\/\/exteriorscastellar.com\/wp-content\/uploads\/2024\/09\/pp4-03-180x180.jpg 180w, https:\/\/exteriorscastellar.com\/wp-content\/uploads\/2024\/09\/pp4-03-80x80.jpg 80w, https:\/\/exteriorscastellar.com\/wp-content\/uploads\/2024\/09\/pp4-03-36x36.jpg 36w\" sizes=\"(max-width: 180px) 100vw, 180px\" \/><\/a><\/div><\/div><\/div><\/div>\n\n<style type=\"text\/css\" data-created_by=\"avia_inline_auto\" id=\"style-css-av-4spgrk-65d72877d903fce5ad182d3f7c6f2790\">\n.flex_column.av-4spgrk-65d72877d903fce5ad182d3f7c6f2790{\nborder-radius:0px 0px 0px 0px;\npadding:0px 0px 0px 0px;\n}\n<\/style>\n<div  class='flex_column av-4spgrk-65d72877d903fce5ad182d3f7c6f2790 av_one_third  avia-builder-el-26  el_after_av_one_third  el_before_av_one_third  first flex_column_div av-zero-column-padding  column-top-margin'     ><style type=\"text\/css\" data-created_by=\"avia_inline_auto\" id=\"style-css-av-2ukdzk-ea2df4c4eea1ebe09909428d37bc37f8\">\n.avia-image-container.av-2ukdzk-ea2df4c4eea1ebe09909428d37bc37f8 img.avia_image{\nbox-shadow:none;\n}\n.avia-image-container.av-2ukdzk-ea2df4c4eea1ebe09909428d37bc37f8 .av-caption-image-overlay-bg{\nopacity:0.4;\nbackground-color:#000000;\n}\n.avia-image-container.av-2ukdzk-ea2df4c4eea1ebe09909428d37bc37f8 .av-image-caption-overlay-center{\ncolor:#ffffff;\n}\n<\/style>\n<div  class='avia-image-container av-2ukdzk-ea2df4c4eea1ebe09909428d37bc37f8 av-styling- av-img-linked avia-align-center  avia-builder-el-27  avia-builder-el-no-sibling  noHover av-overlay-hover-deactivate'   itemprop=\"image\" itemscope=\"itemscope\" itemtype=\"https:\/\/schema.org\/ImageObject\" ><div class=\"avia-image-container-inner\"><div class=\"avia-image-overlay-wrap\"><a href=\"https:\/\/exteriorscastellar.com\/es\/galeria-de-trabajos\/porches-pergolas-y-toldos\/pp43-pergola-de-madera-y-pilares-de-acero-hecha-a-medida-para-dos-coches\/\" class='avia_image '  aria-label='pp43-00'><div class=\"av-image-caption-overlay\"><div class=\"av-caption-image-overlay-bg\"><\/div><div class=\"av-image-caption-overlay-position\"><div class=\"av-image-caption-overlay-center\"><p>PP43<br \/>\nP\u00e9rgola para coches<br \/>\n[ + ]<\/p>\n<\/div><\/div><\/div><img decoding=\"async\" fetchpriority=\"high\" class='wp-image-11280 avia-img-lazy-loading-not-11280 avia_image ' src=\"https:\/\/exteriorscastellar.com\/wp-content\/uploads\/2024\/06\/pp43-00-180x180.jpg\" alt='' title='pp43-00'  height=\"180\" width=\"180\"  itemprop=\"thumbnailUrl\" srcset=\"https:\/\/exteriorscastellar.com\/wp-content\/uploads\/2024\/06\/pp43-00-180x180.jpg 180w, https:\/\/exteriorscastellar.com\/wp-content\/uploads\/2024\/06\/pp43-00-80x80.jpg 80w, https:\/\/exteriorscastellar.com\/wp-content\/uploads\/2024\/06\/pp43-00-36x36.jpg 36w\" sizes=\"(max-width: 180px) 100vw, 180px\" \/><\/a><\/div><\/div><\/div><\/div>\n\n<style type=\"text\/css\" data-created_by=\"avia_inline_auto\" id=\"style-css-av-3lnm0g-b9d8f650b107a61a908d382c42d485f2\">\n.flex_column.av-3lnm0g-b9d8f650b107a61a908d382c42d485f2{\nborder-radius:0px 0px 0px 0px;\npadding:0px 0px 0px 0px;\n}\n<\/style>\n<div  class='flex_column av-3lnm0g-b9d8f650b107a61a908d382c42d485f2 av_one_third  avia-builder-el-28  el_after_av_one_third  el_before_av_one_third  flex_column_div av-zero-column-padding  column-top-margin'     ><style type=\"text\/css\" data-created_by=\"avia_inline_auto\" id=\"style-css-av-2g8hgg-f5b1b93655d02d585f48b52c58bb6b1f\">\n.avia-image-container.av-2g8hgg-f5b1b93655d02d585f48b52c58bb6b1f img.avia_image{\nbox-shadow:none;\n}\n.avia-image-container.av-2g8hgg-f5b1b93655d02d585f48b52c58bb6b1f .av-caption-image-overlay-bg{\nopacity:0.4;\nbackground-color:#000000;\n}\n.avia-image-container.av-2g8hgg-f5b1b93655d02d585f48b52c58bb6b1f .av-image-caption-overlay-center{\ncolor:#ffffff;\n}\n<\/style>\n<div  class='avia-image-container av-2g8hgg-f5b1b93655d02d585f48b52c58bb6b1f av-styling- av-img-linked avia-align-center  avia-builder-el-29  avia-builder-el-no-sibling  noHover av-overlay-hover-deactivate'   itemprop=\"image\" itemscope=\"itemscope\" itemtype=\"https:\/\/schema.org\/ImageObject\" ><div class=\"avia-image-container-inner\"><div class=\"avia-image-overlay-wrap\"><a href=\"https:\/\/exteriorscastellar.com\/es\/galeria-de-trabajos\/porches-pergolas-y-toldos\/pp41-construccion-de-un-porche-rustico-en-la-poblacion-de-cabrils-en-el-maresme\/\" class='avia_image '  aria-label='pp41-01'><div class=\"av-image-caption-overlay\"><div class=\"av-caption-image-overlay-bg\"><\/div><div class=\"av-image-caption-overlay-position\"><div class=\"av-image-caption-overlay-center\"><p>PP41<br \/>\nPorche r\u00fastico en el Maresme<br \/>\n[ + ]<\/p>\n<\/div><\/div><\/div><img decoding=\"async\" fetchpriority=\"high\" class='wp-image-10772 avia-img-lazy-loading-not-10772 avia_image ' src=\"https:\/\/exteriorscastellar.com\/wp-content\/uploads\/2023\/10\/pp41-01-180x180.jpg\" alt='' title='pp41-01'  height=\"180\" width=\"180\"  itemprop=\"thumbnailUrl\" srcset=\"https:\/\/exteriorscastellar.com\/wp-content\/uploads\/2023\/10\/pp41-01-180x180.jpg 180w, https:\/\/exteriorscastellar.com\/wp-content\/uploads\/2023\/10\/pp41-01-80x80.jpg 80w, https:\/\/exteriorscastellar.com\/wp-content\/uploads\/2023\/10\/pp41-01-36x36.jpg 36w\" sizes=\"(max-width: 180px) 100vw, 180px\" \/><\/a><\/div><\/div><\/div><\/div>\n\n<style type=\"text\/css\" data-created_by=\"avia_inline_auto\" id=\"style-css-av-4r53g0-de126a75a2afcf26737d9b4fbac50552\">\n.flex_column.av-4r53g0-de126a75a2afcf26737d9b4fbac50552{\nborder-radius:0px 0px 0px 0px;\npadding:0px 0px 0px 0px;\n}\n<\/style>\n<div  class='flex_column av-4r53g0-de126a75a2afcf26737d9b4fbac50552 av_one_third  avia-builder-el-30  el_after_av_one_third  el_before_av_one_third  flex_column_div av-zero-column-padding  column-top-margin'     ><style type=\"text\/css\" data-created_by=\"avia_inline_auto\" id=\"style-css-av-2at0f4-5b59f15d88d5a9aeaccd98993a17cf5e\">\n.avia-image-container.av-2at0f4-5b59f15d88d5a9aeaccd98993a17cf5e img.avia_image{\nbox-shadow:none;\n}\n.avia-image-container.av-2at0f4-5b59f15d88d5a9aeaccd98993a17cf5e .av-caption-image-overlay-bg{\nopacity:0.4;\nbackground-color:#000000;\n}\n.avia-image-container.av-2at0f4-5b59f15d88d5a9aeaccd98993a17cf5e .av-image-caption-overlay-center{\ncolor:#ffffff;\n}\n<\/style>\n<div  class='avia-image-container av-2at0f4-5b59f15d88d5a9aeaccd98993a17cf5e av-styling- av-img-linked avia-align-center  avia-builder-el-31  avia-builder-el-no-sibling  noHover av-overlay-hover-deactivate'   itemprop=\"image\" itemscope=\"itemscope\" itemtype=\"https:\/\/schema.org\/ImageObject\" ><div class=\"avia-image-container-inner\"><div class=\"avia-image-overlay-wrap\"><a href=\"https:\/\/exteriorscastellar.com\/es\/galeria-de-trabajos\/porches-pergolas-y-toldos\/pp40-porche-de-madera-blanco-en-forma-de-l\/\" class='avia_image '  aria-label='pp40-01'><div class=\"av-image-caption-overlay\"><div class=\"av-caption-image-overlay-bg\"><\/div><div class=\"av-image-caption-overlay-position\"><div class=\"av-image-caption-overlay-center\"><p>PP40<br \/>\nPorche de madera blanco<br \/>\n[ + ]<\/p>\n<\/div><\/div><\/div><img decoding=\"async\" fetchpriority=\"high\" class='wp-image-10695 avia-img-lazy-loading-not-10695 avia_image ' src=\"https:\/\/exteriorscastellar.com\/wp-content\/uploads\/2023\/10\/pp40-01-180x180.jpg\" alt='' title='pp40-01'  height=\"180\" width=\"180\"  itemprop=\"thumbnailUrl\" srcset=\"https:\/\/exteriorscastellar.com\/wp-content\/uploads\/2023\/10\/pp40-01-180x180.jpg 180w, https:\/\/exteriorscastellar.com\/wp-content\/uploads\/2023\/10\/pp40-01-80x80.jpg 80w, https:\/\/exteriorscastellar.com\/wp-content\/uploads\/2023\/10\/pp40-01-36x36.jpg 36w\" sizes=\"(max-width: 180px) 100vw, 180px\" \/><\/a><\/div><\/div><\/div><\/div>\n\n<style type=\"text\/css\" data-created_by=\"avia_inline_auto\" id=\"style-css-av-4i7ldc-b0ce2991e4dfebed645d95cd633c7a24\">\n.flex_column.av-4i7ldc-b0ce2991e4dfebed645d95cd633c7a24{\nborder-radius:0px 0px 0px 0px;\npadding:0px 0px 0px 0px;\n}\n<\/style>\n<div  class='flex_column av-4i7ldc-b0ce2991e4dfebed645d95cd633c7a24 av_one_third  avia-builder-el-32  el_after_av_one_third  el_before_av_one_third  first flex_column_div av-zero-column-padding  column-top-margin'     ><style type=\"text\/css\" data-created_by=\"avia_inline_auto\" id=\"style-css-av-2wgjow-d31824d72eeab084569af6bf18f23def\">\n.avia-image-container.av-2wgjow-d31824d72eeab084569af6bf18f23def img.avia_image{\nbox-shadow:none;\n}\n.avia-image-container.av-2wgjow-d31824d72eeab084569af6bf18f23def .av-caption-image-overlay-bg{\nopacity:0.4;\nbackground-color:#000000;\n}\n.avia-image-container.av-2wgjow-d31824d72eeab084569af6bf18f23def .av-image-caption-overlay-center{\ncolor:#ffffff;\n}\n<\/style>\n<div  class='avia-image-container av-2wgjow-d31824d72eeab084569af6bf18f23def av-styling- av-img-linked avia-align-center  avia-builder-el-33  avia-builder-el-no-sibling  noHover av-overlay-hover-deactivate'   itemprop=\"image\" itemscope=\"itemscope\" itemtype=\"https:\/\/schema.org\/ImageObject\" ><div class=\"avia-image-container-inner\"><div class=\"avia-image-overlay-wrap\"><a href=\"https:\/\/exteriorscastellar.com\/es\/galeria-de-trabajos\/porches-pergolas-y-toldos\/pp37-porche-con-canalon-de-pvc-y-ventilador\/\" class='avia_image '  aria-label='pp37-1'><div class=\"av-image-caption-overlay\"><div class=\"av-caption-image-overlay-bg\"><\/div><div class=\"av-image-caption-overlay-position\"><div class=\"av-image-caption-overlay-center\"><p>PP37<br \/>\nPorcho con canal\u00f3n<br \/>\n[ + ]<\/p>\n<\/div><\/div><\/div><img decoding=\"async\" fetchpriority=\"high\" class='wp-image-9749 avia-img-lazy-loading-not-9749 avia_image ' src=\"https:\/\/exteriorscastellar.com\/wp-content\/uploads\/2023\/01\/pp37-1-180x180.jpg\" alt='' title='pp37-1'  height=\"180\" width=\"180\"  itemprop=\"thumbnailUrl\" srcset=\"https:\/\/exteriorscastellar.com\/wp-content\/uploads\/2023\/01\/pp37-1-180x180.jpg 180w, https:\/\/exteriorscastellar.com\/wp-content\/uploads\/2023\/01\/pp37-1-80x80.jpg 80w, https:\/\/exteriorscastellar.com\/wp-content\/uploads\/2023\/01\/pp37-1-36x36.jpg 36w\" sizes=\"(max-width: 180px) 100vw, 180px\" \/><\/a><\/div><\/div><\/div><\/div>\n\n<style type=\"text\/css\" data-created_by=\"avia_inline_auto\" id=\"style-css-av-3xzxds-4ce20ec03b79c6a9fc041db371250784\">\n.flex_column.av-3xzxds-4ce20ec03b79c6a9fc041db371250784{\nborder-radius:0px 0px 0px 0px;\npadding:0px 0px 0px 0px;\n}\n<\/style>\n<div  class='flex_column av-3xzxds-4ce20ec03b79c6a9fc041db371250784 av_one_third  avia-builder-el-34  el_after_av_one_third  el_before_av_one_third  flex_column_div av-zero-column-padding  column-top-margin'     ><style type=\"text\/css\" data-created_by=\"avia_inline_auto\" id=\"style-css-av-32q8ow-7feb246861939ab3fe1296b972576908\">\n.avia-image-container.av-32q8ow-7feb246861939ab3fe1296b972576908 img.avia_image{\nbox-shadow:none;\n}\n.avia-image-container.av-32q8ow-7feb246861939ab3fe1296b972576908 .av-caption-image-overlay-bg{\nopacity:0.4;\nbackground-color:#000000;\n}\n.avia-image-container.av-32q8ow-7feb246861939ab3fe1296b972576908 .av-image-caption-overlay-center{\ncolor:#ffffff;\n}\n<\/style>\n<div  class='avia-image-container av-32q8ow-7feb246861939ab3fe1296b972576908 av-styling- av-img-linked avia-align-center  avia-builder-el-35  avia-builder-el-no-sibling  noHover av-overlay-hover-deactivate'   itemprop=\"image\" itemscope=\"itemscope\" itemtype=\"https:\/\/schema.org\/ImageObject\" ><div class=\"avia-image-container-inner\"><div class=\"avia-image-overlay-wrap\"><a href=\"https:\/\/exteriorscastellar.com\/es\/galeria-de-trabajos\/porches-pergolas-y-toldos\/pp35-pergola-de-aluminio-en-castellar-del-valles\/\" class='avia_image '  aria-label='pp35-01'><div class=\"av-image-caption-overlay\"><div class=\"av-caption-image-overlay-bg\"><\/div><div class=\"av-image-caption-overlay-position\"><div class=\"av-image-caption-overlay-center\"><p>PP35<br \/>\nP\u00e9rgola de aluminio Castellar<br \/>\n[ + ]<\/p>\n<\/div><\/div><\/div><img decoding=\"async\" fetchpriority=\"high\" class='wp-image-9335 avia-img-lazy-loading-not-9335 avia_image ' src=\"https:\/\/exteriorscastellar.com\/wp-content\/uploads\/2022\/09\/pp35-01-180x180.jpg\" alt='' title='pp35-01'  height=\"180\" width=\"180\"  itemprop=\"thumbnailUrl\" srcset=\"https:\/\/exteriorscastellar.com\/wp-content\/uploads\/2022\/09\/pp35-01-180x180.jpg 180w, https:\/\/exteriorscastellar.com\/wp-content\/uploads\/2022\/09\/pp35-01-80x80.jpg 80w, https:\/\/exteriorscastellar.com\/wp-content\/uploads\/2022\/09\/pp35-01-36x36.jpg 36w\" sizes=\"(max-width: 180px) 100vw, 180px\" \/><\/a><\/div><\/div><\/div><\/div>\n\n<style type=\"text\/css\" data-created_by=\"avia_inline_auto\" id=\"style-css-av-4lojts-d63ef302e094420870d34d6c43587091\">\n.flex_column.av-4lojts-d63ef302e094420870d34d6c43587091{\nborder-radius:0px 0px 0px 0px;\npadding:0px 0px 0px 0px;\n}\n<\/style>\n<div  class='flex_column av-4lojts-d63ef302e094420870d34d6c43587091 av_one_third  avia-builder-el-36  el_after_av_one_third  el_before_av_one_third  flex_column_div av-zero-column-padding  column-top-margin'     ><style type=\"text\/css\" data-created_by=\"avia_inline_auto\" id=\"style-css-av-26zu5c-a634ba9a43f900c98fa897bbbf8a6425\">\n.avia-image-container.av-26zu5c-a634ba9a43f900c98fa897bbbf8a6425 img.avia_image{\nbox-shadow:none;\n}\n.avia-image-container.av-26zu5c-a634ba9a43f900c98fa897bbbf8a6425 .av-caption-image-overlay-bg{\nopacity:0.4;\nbackground-color:#000000;\n}\n.avia-image-container.av-26zu5c-a634ba9a43f900c98fa897bbbf8a6425 .av-image-caption-overlay-center{\ncolor:#ffffff;\n}\n<\/style>\n<div  class='avia-image-container av-26zu5c-a634ba9a43f900c98fa897bbbf8a6425 av-styling- av-img-linked avia-align-center  avia-builder-el-37  avia-builder-el-no-sibling  noHover av-overlay-hover-deactivate'   itemprop=\"image\" itemscope=\"itemscope\" itemtype=\"https:\/\/schema.org\/ImageObject\" ><div class=\"avia-image-container-inner\"><div class=\"avia-image-overlay-wrap\"><a href=\"https:\/\/exteriorscastellar.com\/es\/galeria-de-trabajos\/porches-pergolas-y-toldos\/pp34-porche-blanco-y-madera\/\" class='avia_image '  aria-label='pp34-01'><div class=\"av-image-caption-overlay\"><div class=\"av-caption-image-overlay-bg\"><\/div><div class=\"av-image-caption-overlay-position\"><div class=\"av-image-caption-overlay-center\"><p>PP34<br \/>\nPorche blanco y madera<br \/>\n[ + ]<\/p>\n<\/div><\/div><\/div><img decoding=\"async\" fetchpriority=\"high\" class='wp-image-9152 avia-img-lazy-loading-not-9152 avia_image ' src=\"https:\/\/exteriorscastellar.com\/wp-content\/uploads\/2022\/08\/pp34-01-180x180.jpg\" alt='' title='pp34-01'  height=\"180\" width=\"180\"  itemprop=\"thumbnailUrl\" srcset=\"https:\/\/exteriorscastellar.com\/wp-content\/uploads\/2022\/08\/pp34-01-180x180.jpg 180w, https:\/\/exteriorscastellar.com\/wp-content\/uploads\/2022\/08\/pp34-01-80x80.jpg 80w, https:\/\/exteriorscastellar.com\/wp-content\/uploads\/2022\/08\/pp34-01-36x36.jpg 36w\" sizes=\"(max-width: 180px) 100vw, 180px\" \/><\/a><\/div><\/div><\/div><\/div>\n\n<style type=\"text\/css\" data-created_by=\"avia_inline_auto\" id=\"style-css-av-4m7mk0-52db59bb63135ddac619b678af3a5e7b\">\n.flex_column.av-4m7mk0-52db59bb63135ddac619b678af3a5e7b{\nborder-radius:0px 0px 0px 0px;\npadding:0px 0px 0px 0px;\n}\n<\/style>\n<div  class='flex_column av-4m7mk0-52db59bb63135ddac619b678af3a5e7b av_one_third  avia-builder-el-38  el_after_av_one_third  el_before_av_one_third  first flex_column_div av-zero-column-padding  column-top-margin'     ><style type=\"text\/css\" data-created_by=\"avia_inline_auto\" id=\"style-css-av-1ty8a8-1c70108878f4845bcf8e4a7184e77098\">\n.avia-image-container.av-1ty8a8-1c70108878f4845bcf8e4a7184e77098 img.avia_image{\nbox-shadow:none;\n}\n.avia-image-container.av-1ty8a8-1c70108878f4845bcf8e4a7184e77098 .av-caption-image-overlay-bg{\nopacity:0.4;\nbackground-color:#000000;\n}\n.avia-image-container.av-1ty8a8-1c70108878f4845bcf8e4a7184e77098 .av-image-caption-overlay-center{\ncolor:#ffffff;\n}\n<\/style>\n<div  class='avia-image-container av-1ty8a8-1c70108878f4845bcf8e4a7184e77098 av-styling- av-img-linked avia-align-center  avia-builder-el-39  avia-builder-el-no-sibling  noHover av-overlay-hover-deactivate'   itemprop=\"image\" itemscope=\"itemscope\" itemtype=\"https:\/\/schema.org\/ImageObject\" ><div class=\"avia-image-container-inner\"><div class=\"avia-image-overlay-wrap\"><a href=\"https:\/\/exteriorscastellar.com\/es\/galeria-de-trabajos\/porches-pergolas-y-toldos\/pp33-pergola-de-aluminio-negro-5x4\/\" class='avia_image '  aria-label='pp33-1a'><div class=\"av-image-caption-overlay\"><div class=\"av-caption-image-overlay-bg\"><\/div><div class=\"av-image-caption-overlay-position\"><div class=\"av-image-caption-overlay-center\"><p>PP33<br \/>\nP\u00e9rgola de aluminio 5&#215;4<br \/>\n[ + ]<\/p>\n<\/div><\/div><\/div><img decoding=\"async\" fetchpriority=\"high\" class='wp-image-9111 avia-img-lazy-loading-not-9111 avia_image ' src=\"https:\/\/exteriorscastellar.com\/wp-content\/uploads\/2022\/07\/pp33-1a-180x180.jpg\" alt='' title='pp33-1a'  height=\"180\" width=\"180\"  itemprop=\"thumbnailUrl\" srcset=\"https:\/\/exteriorscastellar.com\/wp-content\/uploads\/2022\/07\/pp33-1a-180x180.jpg 180w, https:\/\/exteriorscastellar.com\/wp-content\/uploads\/2022\/07\/pp33-1a-80x80.jpg 80w, https:\/\/exteriorscastellar.com\/wp-content\/uploads\/2022\/07\/pp33-1a-36x36.jpg 36w\" sizes=\"(max-width: 180px) 100vw, 180px\" \/><\/a><\/div><\/div><\/div><\/div>\n\n<style type=\"text\/css\" data-created_by=\"avia_inline_auto\" id=\"style-css-av-4vb4og-8787ec07914c79ad756cccbd5df74f63\">\n.flex_column.av-4vb4og-8787ec07914c79ad756cccbd5df74f63{\nborder-radius:0px 0px 0px 0px;\npadding:0px 0px 0px 0px;\n}\n<\/style>\n<div  class='flex_column av-4vb4og-8787ec07914c79ad756cccbd5df74f63 av_one_third  avia-builder-el-40  el_after_av_one_third  el_before_av_one_third  flex_column_div av-zero-column-padding  column-top-margin'     ><style type=\"text\/css\" data-created_by=\"avia_inline_auto\" id=\"style-css-av-2pjhn4-650ad6e4b6be1aa189fc7305d7320f36\">\n.avia-image-container.av-2pjhn4-650ad6e4b6be1aa189fc7305d7320f36 img.avia_image{\nbox-shadow:none;\n}\n.avia-image-container.av-2pjhn4-650ad6e4b6be1aa189fc7305d7320f36 .av-caption-image-overlay-bg{\nopacity:0.4;\nbackground-color:#000000;\n}\n.avia-image-container.av-2pjhn4-650ad6e4b6be1aa189fc7305d7320f36 .av-image-caption-overlay-center{\ncolor:#ffffff;\n}\n<\/style>\n<div  class='avia-image-container av-2pjhn4-650ad6e4b6be1aa189fc7305d7320f36 av-styling- av-img-linked avia-align-center  avia-builder-el-41  avia-builder-el-no-sibling  noHover av-overlay-hover-deactivate'   itemprop=\"image\" itemscope=\"itemscope\" itemtype=\"https:\/\/schema.org\/ImageObject\" ><div class=\"avia-image-container-inner\"><div class=\"avia-image-overlay-wrap\"><a href=\"https:\/\/exteriorscastellar.com\/es\/galeria-de-trabajos\/porches-pergolas-y-toldos\/pp32-pergola-de-aluminio-blanca-tarima-y-cesped\/\" class='avia_image '  aria-label='pp32-01'><div class=\"av-image-caption-overlay\"><div class=\"av-caption-image-overlay-bg\"><\/div><div class=\"av-image-caption-overlay-position\"><div class=\"av-image-caption-overlay-center\"><p>PP32<br \/>\nP\u00e9rgola aluminio 5&#215;3<br \/>\n[ + ]<\/p>\n<\/div><\/div><\/div><img decoding=\"async\" fetchpriority=\"high\" class='wp-image-8971 avia-img-lazy-loading-not-8971 avia_image ' src=\"https:\/\/exteriorscastellar.com\/wp-content\/uploads\/2022\/06\/pp32-01-180x180.jpg\" alt='' title='pp32-01'  height=\"180\" width=\"180\"  itemprop=\"thumbnailUrl\" srcset=\"https:\/\/exteriorscastellar.com\/wp-content\/uploads\/2022\/06\/pp32-01-180x180.jpg 180w, https:\/\/exteriorscastellar.com\/wp-content\/uploads\/2022\/06\/pp32-01-80x80.jpg 80w, https:\/\/exteriorscastellar.com\/wp-content\/uploads\/2022\/06\/pp32-01-36x36.jpg 36w\" sizes=\"(max-width: 180px) 100vw, 180px\" \/><\/a><\/div><\/div><\/div><\/div>\n\n<style type=\"text\/css\" data-created_by=\"avia_inline_auto\" id=\"style-css-av-3soiy8-03614b6d8c244ecded13b9ed161a151d\">\n.flex_column.av-3soiy8-03614b6d8c244ecded13b9ed161a151d{\nborder-radius:0px 0px 0px 0px;\npadding:0px 0px 0px 0px;\n}\n<\/style>\n<div  class='flex_column av-3soiy8-03614b6d8c244ecded13b9ed161a151d av_one_third  avia-builder-el-42  el_after_av_one_third  el_before_av_one_third  flex_column_div av-zero-column-padding  column-top-margin'     ><style type=\"text\/css\" data-created_by=\"avia_inline_auto\" id=\"style-css-av-2w9h28-04356dd9e15129bbcdb036f8277862d5\">\n.avia-image-container.av-2w9h28-04356dd9e15129bbcdb036f8277862d5 img.avia_image{\nbox-shadow:none;\n}\n.avia-image-container.av-2w9h28-04356dd9e15129bbcdb036f8277862d5 .av-caption-image-overlay-bg{\nopacity:0.4;\nbackground-color:#000000;\n}\n.avia-image-container.av-2w9h28-04356dd9e15129bbcdb036f8277862d5 .av-image-caption-overlay-center{\ncolor:#ffffff;\n}\n<\/style>\n<div  class='avia-image-container av-2w9h28-04356dd9e15129bbcdb036f8277862d5 av-styling- av-img-linked avia-align-center  avia-builder-el-43  avia-builder-el-no-sibling  noHover av-overlay-hover-deactivate'   itemprop=\"image\" itemscope=\"itemscope\" itemtype=\"https:\/\/schema.org\/ImageObject\" ><div class=\"avia-image-container-inner\"><div class=\"avia-image-overlay-wrap\"><a href=\"https:\/\/exteriorscastellar.com\/es\/galeria-de-trabajos\/porches-pergolas-y-toldos\/pp31-toldo-en-lhospitalet-de-llobregat\/\" class='avia_image '  aria-label='pp31-1'><div class=\"av-image-caption-overlay\"><div class=\"av-caption-image-overlay-bg\"><\/div><div class=\"av-image-caption-overlay-position\"><div class=\"av-image-caption-overlay-center\"><p>PP31<br \/>\nToldo<br \/>\n[ + ]<\/p>\n<\/div><\/div><\/div><img decoding=\"async\" fetchpriority=\"high\" class='wp-image-8593 avia-img-lazy-loading-not-8593 avia_image ' src=\"https:\/\/exteriorscastellar.com\/wp-content\/uploads\/2022\/01\/pp31-1-180x180.jpg\" alt='' title='pp31-1'  height=\"180\" width=\"180\"  itemprop=\"thumbnailUrl\" srcset=\"https:\/\/exteriorscastellar.com\/wp-content\/uploads\/2022\/01\/pp31-1-180x180.jpg 180w, https:\/\/exteriorscastellar.com\/wp-content\/uploads\/2022\/01\/pp31-1-80x80.jpg 80w, https:\/\/exteriorscastellar.com\/wp-content\/uploads\/2022\/01\/pp31-1-36x36.jpg 36w\" sizes=\"(max-width: 180px) 100vw, 180px\" \/><\/a><\/div><\/div><\/div><\/div>\n\n<style type=\"text\/css\" data-created_by=\"avia_inline_auto\" id=\"style-css-av-3tsluo-0910a05098876c6a3ddd745a42dd40fc\">\n.flex_column.av-3tsluo-0910a05098876c6a3ddd745a42dd40fc{\nborder-radius:0px 0px 0px 0px;\npadding:0px 0px 0px 0px;\n}\n<\/style>\n<div  class='flex_column av-3tsluo-0910a05098876c6a3ddd745a42dd40fc av_one_third  avia-builder-el-44  el_after_av_one_third  el_before_av_one_third  first flex_column_div av-zero-column-padding  column-top-margin'     ><style type=\"text\/css\" data-created_by=\"avia_inline_auto\" id=\"style-css-av-2067k0-07dcf327cb24659d75954bfc4cc77a0e\">\n.avia-image-container.av-2067k0-07dcf327cb24659d75954bfc4cc77a0e img.avia_image{\nbox-shadow:none;\n}\n.avia-image-container.av-2067k0-07dcf327cb24659d75954bfc4cc77a0e .av-caption-image-overlay-bg{\nopacity:0.4;\nbackground-color:#000000;\n}\n.avia-image-container.av-2067k0-07dcf327cb24659d75954bfc4cc77a0e .av-image-caption-overlay-center{\ncolor:#ffffff;\n}\n<\/style>\n<div  class='avia-image-container av-2067k0-07dcf327cb24659d75954bfc4cc77a0e av-styling- av-img-linked avia-align-center  avia-builder-el-45  avia-builder-el-no-sibling  noHover av-overlay-hover-deactivate'   itemprop=\"image\" itemscope=\"itemscope\" itemtype=\"https:\/\/schema.org\/ImageObject\" ><div class=\"avia-image-container-inner\"><div class=\"avia-image-overlay-wrap\"><a href=\"https:\/\/exteriorscastellar.com\/es\/galeria-de-trabajos\/porches-pergolas-y-toldos\/pp30-porche-de-madera-en-sant-feliu-del-raco\/\" class='avia_image '  aria-label='pp30-A'><div class=\"av-image-caption-overlay\"><div class=\"av-caption-image-overlay-bg\"><\/div><div class=\"av-image-caption-overlay-position\"><div class=\"av-image-caption-overlay-center\"><p>PP30<br \/>\nPorche de madera<br \/>\n[ + ]<\/p>\n<\/div><\/div><\/div><img decoding=\"async\" fetchpriority=\"high\" class='wp-image-8493 avia-img-lazy-loading-not-8493 avia_image ' src=\"https:\/\/exteriorscastellar.com\/wp-content\/uploads\/2021\/12\/pp30-A-180x180.jpg\" alt='' title='pp30-A'  height=\"180\" width=\"180\"  itemprop=\"thumbnailUrl\" srcset=\"https:\/\/exteriorscastellar.com\/wp-content\/uploads\/2021\/12\/pp30-A-180x180.jpg 180w, https:\/\/exteriorscastellar.com\/wp-content\/uploads\/2021\/12\/pp30-A-80x80.jpg 80w, https:\/\/exteriorscastellar.com\/wp-content\/uploads\/2021\/12\/pp30-A-36x36.jpg 36w\" sizes=\"(max-width: 180px) 100vw, 180px\" \/><\/a><\/div><\/div><\/div><\/div>\n\n<style type=\"text\/css\" data-created_by=\"avia_inline_auto\" id=\"style-css-av-3uatps-f4049e2902d6201b5958a0f8daf3f9e9\">\n.flex_column.av-3uatps-f4049e2902d6201b5958a0f8daf3f9e9{\nborder-radius:0px 0px 0px 0px;\npadding:0px 0px 0px 0px;\n}\n<\/style>\n<div  class='flex_column av-3uatps-f4049e2902d6201b5958a0f8daf3f9e9 av_one_third  avia-builder-el-46  el_after_av_one_third  el_before_av_one_third  flex_column_div av-zero-column-padding  column-top-margin'     ><style type=\"text\/css\" data-created_by=\"avia_inline_auto\" id=\"style-css-av-2o8z9c-064aabf368833dac63ff7309df3c56a1\">\n.avia-image-container.av-2o8z9c-064aabf368833dac63ff7309df3c56a1 img.avia_image{\nbox-shadow:none;\n}\n.avia-image-container.av-2o8z9c-064aabf368833dac63ff7309df3c56a1 .av-caption-image-overlay-bg{\nopacity:0.4;\nbackground-color:#000000;\n}\n.avia-image-container.av-2o8z9c-064aabf368833dac63ff7309df3c56a1 .av-image-caption-overlay-center{\ncolor:#ffffff;\n}\n<\/style>\n<div  class='avia-image-container av-2o8z9c-064aabf368833dac63ff7309df3c56a1 av-styling- av-img-linked avia-align-center  avia-builder-el-47  avia-builder-el-no-sibling  noHover av-overlay-hover-deactivate'   itemprop=\"image\" itemscope=\"itemscope\" itemtype=\"https:\/\/schema.org\/ImageObject\" ><div class=\"avia-image-container-inner\"><div class=\"avia-image-overlay-wrap\"><a href=\"https:\/\/exteriorscastellar.com\/es\/galeria-de-trabajos\/porches-pergolas-y-toldos\/pp28-pergola-de-aluminio-blanca-con-tejido-color-perla-blanco\/\" class='avia_image '  aria-label='pp28-1pergola'><div class=\"av-image-caption-overlay\"><div class=\"av-caption-image-overlay-bg\"><\/div><div class=\"av-image-caption-overlay-position\"><div class=\"av-image-caption-overlay-center\"><p>PP28<br \/>\nP\u00e9rgola aluminio blanca<br \/>\n[ + ]<\/p>\n<\/div><\/div><\/div><img decoding=\"async\" fetchpriority=\"high\" class='wp-image-7877 avia-img-lazy-loading-not-7877 avia_image ' src=\"https:\/\/exteriorscastellar.com\/wp-content\/uploads\/2021\/06\/pp28-1pergola-180x180.jpg\" alt='' title='pp28-1pergola'  height=\"180\" width=\"180\"  itemprop=\"thumbnailUrl\" srcset=\"https:\/\/exteriorscastellar.com\/wp-content\/uploads\/2021\/06\/pp28-1pergola-180x180.jpg 180w, https:\/\/exteriorscastellar.com\/wp-content\/uploads\/2021\/06\/pp28-1pergola-80x80.jpg 80w, https:\/\/exteriorscastellar.com\/wp-content\/uploads\/2021\/06\/pp28-1pergola-36x36.jpg 36w\" sizes=\"(max-width: 180px) 100vw, 180px\" \/><\/a><\/div><\/div><\/div><\/div>\n\n<style type=\"text\/css\" data-created_by=\"avia_inline_auto\" id=\"style-css-av-3swgg0-6ed48c5f9703e69a8d6750204bdc1166\">\n.flex_column.av-3swgg0-6ed48c5f9703e69a8d6750204bdc1166{\nborder-radius:0px 0px 0px 0px;\npadding:0px 0px 0px 0px;\n}\n<\/style>\n<div  class='flex_column av-3swgg0-6ed48c5f9703e69a8d6750204bdc1166 av_one_third  avia-builder-el-48  el_after_av_one_third  el_before_av_one_third  flex_column_div av-zero-column-padding  column-top-margin'     ><style type=\"text\/css\" data-created_by=\"avia_inline_auto\" id=\"style-css-av-81e9s-cf34e625608e63314dfa02c5a9326a54\">\n.avia-image-container.av-81e9s-cf34e625608e63314dfa02c5a9326a54 img.avia_image{\nbox-shadow:none;\n}\n.avia-image-container.av-81e9s-cf34e625608e63314dfa02c5a9326a54 .av-caption-image-overlay-bg{\nopacity:0.4;\nbackground-color:#000000;\n}\n.avia-image-container.av-81e9s-cf34e625608e63314dfa02c5a9326a54 .av-image-caption-overlay-center{\ncolor:#ffffff;\n}\n<\/style>\n<div  class='avia-image-container av-81e9s-cf34e625608e63314dfa02c5a9326a54 av-styling- av-img-linked avia-align-center  avia-builder-el-49  avia-builder-el-no-sibling  noHover av-overlay-hover-deactivate'   itemprop=\"image\" itemscope=\"itemscope\" itemtype=\"https:\/\/schema.org\/ImageObject\" ><div class=\"avia-image-container-inner\"><div class=\"avia-image-overlay-wrap\"><a href=\"https:\/\/exteriorscastellar.com\/es\/galeria-de-trabajos\/porches-pergolas-y-toldos\/pp27-marquesina-de-madera-diseno-rustico-y-moderno\/\" class='avia_image '  aria-label='pp27-1'><div class=\"av-image-caption-overlay\"><div class=\"av-caption-image-overlay-bg\"><\/div><div class=\"av-image-caption-overlay-position\"><div class=\"av-image-caption-overlay-center\"><p>PP27<br \/>\nMarquesina de madera<br \/>\n[ + ]<\/p>\n<\/div><\/div><\/div><img decoding=\"async\" fetchpriority=\"high\" class='wp-image-7648 avia-img-lazy-loading-not-7648 avia_image ' src=\"https:\/\/exteriorscastellar.com\/wp-content\/uploads\/2021\/05\/pp27-1-180x180.jpg\" alt='' title='pp27-1'  height=\"180\" width=\"180\"  itemprop=\"thumbnailUrl\" srcset=\"https:\/\/exteriorscastellar.com\/wp-content\/uploads\/2021\/05\/pp27-1-180x180.jpg 180w, https:\/\/exteriorscastellar.com\/wp-content\/uploads\/2021\/05\/pp27-1-80x80.jpg 80w, https:\/\/exteriorscastellar.com\/wp-content\/uploads\/2021\/05\/pp27-1-36x36.jpg 36w\" sizes=\"(max-width: 180px) 100vw, 180px\" \/><\/a><\/div><\/div><\/div><\/div>\n\n<style type=\"text\/css\" data-created_by=\"avia_inline_auto\" id=\"style-css-av-3maz28-27716b551b2bea1e24f691c0b71ed1b5\">\n.flex_column.av-3maz28-27716b551b2bea1e24f691c0b71ed1b5{\nborder-radius:0px 0px 0px 0px;\npadding:0px 0px 0px 0px;\n}\n<\/style>\n<div  class='flex_column av-3maz28-27716b551b2bea1e24f691c0b71ed1b5 av_one_third  avia-builder-el-50  el_after_av_one_third  el_before_av_one_third  first flex_column_div av-zero-column-padding  column-top-margin'     ><style type=\"text\/css\" data-created_by=\"avia_inline_auto\" id=\"style-css-av-2rvic0-d1eed7fb7df6e972f32ff630284ff219\">\n.avia-image-container.av-2rvic0-d1eed7fb7df6e972f32ff630284ff219 img.avia_image{\nbox-shadow:none;\n}\n.avia-image-container.av-2rvic0-d1eed7fb7df6e972f32ff630284ff219 .av-caption-image-overlay-bg{\nopacity:0.4;\nbackground-color:#000000;\n}\n.avia-image-container.av-2rvic0-d1eed7fb7df6e972f32ff630284ff219 .av-image-caption-overlay-center{\ncolor:#ffffff;\n}\n<\/style>\n<div  class='avia-image-container av-2rvic0-d1eed7fb7df6e972f32ff630284ff219 av-styling- av-img-linked avia-align-center  avia-builder-el-51  avia-builder-el-no-sibling  noHover av-overlay-hover-deactivate'   itemprop=\"image\" itemscope=\"itemscope\" itemtype=\"https:\/\/schema.org\/ImageObject\" ><div class=\"avia-image-container-inner\"><div class=\"avia-image-overlay-wrap\"><a href=\"https:\/\/exteriorscastellar.com\/es\/galeria-de-trabajos\/porches-pergolas-y-toldos\/pp26-pergola-de-madera-laminada-en-santa-perpetua-de-la-mogoda\/\" class='avia_image '  aria-label='pp26-2'><div class=\"av-image-caption-overlay\"><div class=\"av-caption-image-overlay-bg\"><\/div><div class=\"av-image-caption-overlay-position\"><div class=\"av-image-caption-overlay-center\"><p>PP26<br \/>\nP\u00e9rgola de madera laminada<br \/>\n[ + ]<\/p>\n<\/div><\/div><\/div><img decoding=\"async\" fetchpriority=\"high\" class='wp-image-7562 avia-img-lazy-loading-not-7562 avia_image ' src=\"https:\/\/exteriorscastellar.com\/wp-content\/uploads\/2021\/05\/pp26-2-180x180.jpg\" alt='' title='pp26-2'  height=\"180\" width=\"180\"  itemprop=\"thumbnailUrl\" srcset=\"https:\/\/exteriorscastellar.com\/wp-content\/uploads\/2021\/05\/pp26-2-180x180.jpg 180w, https:\/\/exteriorscastellar.com\/wp-content\/uploads\/2021\/05\/pp26-2-80x80.jpg 80w, https:\/\/exteriorscastellar.com\/wp-content\/uploads\/2021\/05\/pp26-2-36x36.jpg 36w\" sizes=\"(max-width: 180px) 100vw, 180px\" \/><\/a><\/div><\/div><\/div><\/div>\n\n<style type=\"text\/css\" data-created_by=\"avia_inline_auto\" id=\"style-css-av-4fx2ow-0a9d9e916bfe266b5878725839a46f34\">\n.flex_column.av-4fx2ow-0a9d9e916bfe266b5878725839a46f34{\nborder-radius:0px 0px 0px 0px;\npadding:0px 0px 0px 0px;\n}\n<\/style>\n<div  class='flex_column av-4fx2ow-0a9d9e916bfe266b5878725839a46f34 av_one_third  avia-builder-el-52  el_after_av_one_third  el_before_av_one_third  flex_column_div av-zero-column-padding  column-top-margin'     ><style type=\"text\/css\" data-created_by=\"avia_inline_auto\" id=\"style-css-av-70yjk-6f752fba9428b83992d377942b60df5c\">\n.avia-image-container.av-70yjk-6f752fba9428b83992d377942b60df5c img.avia_image{\nbox-shadow:none;\n}\n.avia-image-container.av-70yjk-6f752fba9428b83992d377942b60df5c .av-caption-image-overlay-bg{\nopacity:0.4;\nbackground-color:#000000;\n}\n.avia-image-container.av-70yjk-6f752fba9428b83992d377942b60df5c .av-image-caption-overlay-center{\ncolor:#ffffff;\n}\n<\/style>\n<div  class='avia-image-container av-70yjk-6f752fba9428b83992d377942b60df5c av-styling- av-img-linked avia-align-center  avia-builder-el-53  avia-builder-el-no-sibling  noHover av-overlay-hover-deactivate'   itemprop=\"image\" itemscope=\"itemscope\" itemtype=\"https:\/\/schema.org\/ImageObject\" ><div class=\"avia-image-container-inner\"><div class=\"avia-image-overlay-wrap\"><a href=\"https:\/\/exteriorscastellar.com\/es\/galeria-de-trabajos\/porches-pergolas-y-toldos\/pp25-porche-de-color-blanco-y-madera\/\" class='avia_image '  aria-label='pp25-1'><div class=\"av-image-caption-overlay\"><div class=\"av-caption-image-overlay-bg\"><\/div><div class=\"av-image-caption-overlay-position\"><div class=\"av-image-caption-overlay-center\"><p>PP25<br \/>\nPorche de color blanco y madera<br \/>\n[ + ]<\/p>\n<\/div><\/div><\/div><img decoding=\"async\" fetchpriority=\"high\" class='wp-image-7278 avia-img-lazy-loading-not-7278 avia_image ' src=\"https:\/\/exteriorscastellar.com\/wp-content\/uploads\/2021\/03\/pp25-1-180x180.jpg\" alt='' title='pp25-1'  height=\"180\" width=\"180\"  itemprop=\"thumbnailUrl\" srcset=\"https:\/\/exteriorscastellar.com\/wp-content\/uploads\/2021\/03\/pp25-1-180x180.jpg 180w, https:\/\/exteriorscastellar.com\/wp-content\/uploads\/2021\/03\/pp25-1-80x80.jpg 80w, https:\/\/exteriorscastellar.com\/wp-content\/uploads\/2021\/03\/pp25-1-36x36.jpg 36w\" sizes=\"(max-width: 180px) 100vw, 180px\" \/><\/a><\/div><\/div><\/div><\/div>\n\n<style type=\"text\/css\" data-created_by=\"avia_inline_auto\" id=\"style-css-av-469f9c-4b6c5979847c3142f0d3cb86dfa0a0dc\">\n.flex_column.av-469f9c-4b6c5979847c3142f0d3cb86dfa0a0dc{\nborder-radius:0px 0px 0px 0px;\npadding:0px 0px 0px 0px;\n}\n<\/style>\n<div  class='flex_column av-469f9c-4b6c5979847c3142f0d3cb86dfa0a0dc av_one_third  avia-builder-el-54  el_after_av_one_third  el_before_av_one_third  flex_column_div av-zero-column-padding  column-top-margin'     ><style type=\"text\/css\" data-created_by=\"avia_inline_auto\" id=\"style-css-av-2fymio-b1109da7c9065f6c0dcf325cc8d0fbb6\">\n.avia-image-container.av-2fymio-b1109da7c9065f6c0dcf325cc8d0fbb6 img.avia_image{\nbox-shadow:none;\n}\n.avia-image-container.av-2fymio-b1109da7c9065f6c0dcf325cc8d0fbb6 .av-caption-image-overlay-bg{\nopacity:0.4;\nbackground-color:#000000;\n}\n.avia-image-container.av-2fymio-b1109da7c9065f6c0dcf325cc8d0fbb6 .av-image-caption-overlay-center{\ncolor:#ffffff;\n}\n<\/style>\n<div  class='avia-image-container av-2fymio-b1109da7c9065f6c0dcf325cc8d0fbb6 av-styling- av-img-linked avia-align-center  avia-builder-el-55  avia-builder-el-no-sibling  noHover av-overlay-hover-deactivate'   itemprop=\"image\" itemscope=\"itemscope\" itemtype=\"https:\/\/schema.org\/ImageObject\" ><div class=\"avia-image-container-inner\"><div class=\"avia-image-overlay-wrap\"><a href=\"https:\/\/exteriorscastellar.com\/es\/galeria-de-trabajos\/porches-pergolas-y-toldos\/pp24-pergola-de-aluminio-en-san-quirico-del-valles\/\" class='avia_image '  aria-label='pp24-1'><div class=\"av-image-caption-overlay\"><div class=\"av-caption-image-overlay-bg\"><\/div><div class=\"av-image-caption-overlay-position\"><div class=\"av-image-caption-overlay-center\"><p>PP24<br \/>\nP\u00e9rgola San Quirico<br \/>\n[ + ]<\/p>\n<\/div><\/div><\/div><img decoding=\"async\" fetchpriority=\"high\" class='wp-image-7165 avia-img-lazy-loading-not-7165 avia_image ' src=\"https:\/\/exteriorscastellar.com\/wp-content\/uploads\/2021\/01\/pp24-1-180x180.jpg\" alt='' title='pp24-1'  height=\"180\" width=\"180\"  itemprop=\"thumbnailUrl\" srcset=\"https:\/\/exteriorscastellar.com\/wp-content\/uploads\/2021\/01\/pp24-1-180x180.jpg 180w, https:\/\/exteriorscastellar.com\/wp-content\/uploads\/2021\/01\/pp24-1-80x80.jpg 80w, https:\/\/exteriorscastellar.com\/wp-content\/uploads\/2021\/01\/pp24-1-36x36.jpg 36w\" sizes=\"(max-width: 180px) 100vw, 180px\" \/><\/a><\/div><\/div><\/div><\/div>\n\n<style type=\"text\/css\" data-created_by=\"avia_inline_auto\" id=\"style-css-av-1cpnh34-20-b733f625212e20bbd760dc53c565a84e\">\n.flex_column.av-1cpnh34-20-b733f625212e20bbd760dc53c565a84e{\nborder-radius:0px 0px 0px 0px;\npadding:0px 0px 0px 0px;\n}\n<\/style>\n<div  class='flex_column av-1cpnh34-20-b733f625212e20bbd760dc53c565a84e av_one_third  avia-builder-el-56  el_after_av_one_third  el_before_av_one_third  first flex_column_div av-zero-column-padding  column-top-margin'     ><style type=\"text\/css\" data-created_by=\"avia_inline_auto\" id=\"style-css-av-jnk4f8mj-19-95f50b0e6012ba5312a34a29c94d196b\">\n.avia-image-container.av-jnk4f8mj-19-95f50b0e6012ba5312a34a29c94d196b img.avia_image{\nbox-shadow:none;\n}\n.avia-image-container.av-jnk4f8mj-19-95f50b0e6012ba5312a34a29c94d196b .av-caption-image-overlay-bg{\nopacity:0.4;\nbackground-color:#000000;\n}\n.avia-image-container.av-jnk4f8mj-19-95f50b0e6012ba5312a34a29c94d196b .av-image-caption-overlay-center{\ncolor:#ffffff;\n}\n<\/style>\n<div  class='avia-image-container av-jnk4f8mj-19-95f50b0e6012ba5312a34a29c94d196b av-styling- av-img-linked avia-align-center  avia-builder-el-57  avia-builder-el-no-sibling  noHover av-overlay-hover-deactivate'   itemprop=\"image\" itemscope=\"itemscope\" itemtype=\"https:\/\/schema.org\/ImageObject\" ><div class=\"avia-image-container-inner\"><div class=\"avia-image-overlay-wrap\"><a href=\"https:\/\/exteriorscastellar.com\/es\/galeria-de-trabajos\/porches-pergolas-y-toldos\/pp22-instalacion-de-una-pergola-de-aluminio-con-toldo-en-terrassa\/\" class='avia_image '  aria-label='pp22-1'><div class=\"av-image-caption-overlay\"><div class=\"av-caption-image-overlay-bg\"><\/div><div class=\"av-image-caption-overlay-position\"><div class=\"av-image-caption-overlay-center\"><p>PP22<br \/>\nP\u00e9rgola de aluminio Terrassa<br \/>\n[ + ]<\/p>\n<\/div><\/div><\/div><img decoding=\"async\" fetchpriority=\"high\" class='wp-image-6564 avia-img-lazy-loading-not-6564 avia_image ' src=\"https:\/\/exteriorscastellar.com\/wp-content\/uploads\/2020\/09\/pp22-1-180x180.jpg\" alt='' title='pp22-1'  height=\"180\" width=\"180\"  itemprop=\"thumbnailUrl\" srcset=\"https:\/\/exteriorscastellar.com\/wp-content\/uploads\/2020\/09\/pp22-1-180x180.jpg 180w, https:\/\/exteriorscastellar.com\/wp-content\/uploads\/2020\/09\/pp22-1-80x80.jpg 80w, https:\/\/exteriorscastellar.com\/wp-content\/uploads\/2020\/09\/pp22-1-36x36.jpg 36w\" sizes=\"(max-width: 180px) 100vw, 180px\" \/><\/a><\/div><\/div><\/div><\/div>\n\n<style type=\"text\/css\" data-created_by=\"avia_inline_auto\" id=\"style-css-av-1cpnh34-12-d3fb730e7e6309928922ca1d79b346de\">\n.flex_column.av-1cpnh34-12-d3fb730e7e6309928922ca1d79b346de{\nborder-radius:0px 0px 0px 0px;\npadding:0px 0px 0px 0px;\n}\n<\/style>\n<div  class='flex_column av-1cpnh34-12-d3fb730e7e6309928922ca1d79b346de av_one_third  avia-builder-el-58  el_after_av_one_third  el_before_av_one_third  flex_column_div av-zero-column-padding  column-top-margin'     ><style type=\"text\/css\" data-created_by=\"avia_inline_auto\" id=\"style-css-av-jnk4f8mj-11-05579e49989398e21810e8dc9593dd1e\">\n.avia-image-container.av-jnk4f8mj-11-05579e49989398e21810e8dc9593dd1e img.avia_image{\nbox-shadow:none;\n}\n.avia-image-container.av-jnk4f8mj-11-05579e49989398e21810e8dc9593dd1e .av-caption-image-overlay-bg{\nopacity:0.4;\nbackground-color:#000000;\n}\n.avia-image-container.av-jnk4f8mj-11-05579e49989398e21810e8dc9593dd1e .av-image-caption-overlay-center{\ncolor:#ffffff;\n}\n<\/style>\n<div  class='avia-image-container av-jnk4f8mj-11-05579e49989398e21810e8dc9593dd1e av-styling- av-img-linked avia-align-center  avia-builder-el-59  avia-builder-el-no-sibling  noHover av-overlay-hover-deactivate'   itemprop=\"image\" itemscope=\"itemscope\" itemtype=\"https:\/\/schema.org\/ImageObject\" ><div class=\"avia-image-container-inner\"><div class=\"avia-image-overlay-wrap\"><a href=\"https:\/\/exteriorscastellar.com\/es\/galeria-de-trabajos\/porches-pergolas-y-toldos\/pp18-porche-rustico-de-madera-pintada-de-blanco\/\" class='avia_image '  ><div class=\"av-image-caption-overlay\"><div class=\"av-caption-image-overlay-bg\"><\/div><div class=\"av-image-caption-overlay-position\"><div class=\"av-image-caption-overlay-center\"><p>PP18<br \/>\nPorche r\u00fastico blanco<br \/>\n[ + ]<\/p>\n<\/div><\/div><\/div><img decoding=\"async\" fetchpriority=\"high\" class='wp-image-5687 avia-img-lazy-loading-not-5687 avia_image ' src=\"https:\/\/exteriorscastellar.com\/wp-content\/uploads\/2020\/03\/0-180x180.jpg\" alt='' title=''  height=\"180\" width=\"180\"  itemprop=\"thumbnailUrl\" srcset=\"https:\/\/exteriorscastellar.com\/wp-content\/uploads\/2020\/03\/0-180x180.jpg 180w, https:\/\/exteriorscastellar.com\/wp-content\/uploads\/2020\/03\/0-80x80.jpg 80w, https:\/\/exteriorscastellar.com\/wp-content\/uploads\/2020\/03\/0-36x36.jpg 36w\" sizes=\"(max-width: 180px) 100vw, 180px\" \/><\/a><\/div><\/div><\/div><\/div>\n\n<style type=\"text\/css\" data-created_by=\"avia_inline_auto\" id=\"style-css-av-1cpnh34-10-b2ad6bbdf137594bd92b473f7b2a22d3\">\n.flex_column.av-1cpnh34-10-b2ad6bbdf137594bd92b473f7b2a22d3{\nborder-radius:0px 0px 0px 0px;\npadding:0px 0px 0px 0px;\n}\n<\/style>\n<div  class='flex_column av-1cpnh34-10-b2ad6bbdf137594bd92b473f7b2a22d3 av_one_third  avia-builder-el-60  el_after_av_one_third  el_before_av_one_third  flex_column_div av-zero-column-padding  column-top-margin'     ><style type=\"text\/css\" data-created_by=\"avia_inline_auto\" id=\"style-css-av-jnk4f8mj-9-5232b9a7b68b9fe09d2d8d4796392db7\">\n.avia-image-container.av-jnk4f8mj-9-5232b9a7b68b9fe09d2d8d4796392db7 img.avia_image{\nbox-shadow:none;\n}\n.avia-image-container.av-jnk4f8mj-9-5232b9a7b68b9fe09d2d8d4796392db7 .av-caption-image-overlay-bg{\nopacity:0.4;\nbackground-color:#000000;\n}\n.avia-image-container.av-jnk4f8mj-9-5232b9a7b68b9fe09d2d8d4796392db7 .av-image-caption-overlay-center{\ncolor:#ffffff;\n}\n<\/style>\n<div  class='avia-image-container av-jnk4f8mj-9-5232b9a7b68b9fe09d2d8d4796392db7 av-styling- av-img-linked avia-align-center  avia-builder-el-61  avia-builder-el-no-sibling  noHover av-overlay-hover-deactivate'   itemprop=\"image\" itemscope=\"itemscope\" itemtype=\"https:\/\/schema.org\/ImageObject\" ><div class=\"avia-image-container-inner\"><div class=\"avia-image-overlay-wrap\"><a href=\"https:\/\/exteriorscastellar.com\/es\/galeria-de-trabajos\/porches-pergolas-y-toldos\/pp17-porche-de-madera-de-color-blanco\/\" class='avia_image '  aria-label='2'><div class=\"av-image-caption-overlay\"><div class=\"av-caption-image-overlay-bg\"><\/div><div class=\"av-image-caption-overlay-position\"><div class=\"av-image-caption-overlay-center\"><p>PP17<br \/>\nPorche de color blanco<br \/>\n[ + ]<\/p>\n<\/div><\/div><\/div><img decoding=\"async\" fetchpriority=\"high\" class='wp-image-5473 avia-img-lazy-loading-not-5473 avia_image ' src=\"https:\/\/exteriorscastellar.com\/wp-content\/uploads\/2020\/01\/2-180x180.jpg\" alt='' title='2'  height=\"180\" width=\"180\"  itemprop=\"thumbnailUrl\" srcset=\"https:\/\/exteriorscastellar.com\/wp-content\/uploads\/2020\/01\/2-180x180.jpg 180w, https:\/\/exteriorscastellar.com\/wp-content\/uploads\/2020\/01\/2-80x80.jpg 80w, https:\/\/exteriorscastellar.com\/wp-content\/uploads\/2020\/01\/2-36x36.jpg 36w\" sizes=\"(max-width: 180px) 100vw, 180px\" \/><\/a><\/div><\/div><\/div><\/div>\n\n<style type=\"text\/css\" data-created_by=\"avia_inline_auto\" id=\"style-css-av-1cpnh34-6-0a376eb233774afb30545f3bf100c9fe\">\n.flex_column.av-1cpnh34-6-0a376eb233774afb30545f3bf100c9fe{\nborder-radius:0px 0px 0px 0px;\npadding:0px 0px 0px 0px;\n}\n<\/style>\n<div  class='flex_column av-1cpnh34-6-0a376eb233774afb30545f3bf100c9fe av_one_third  avia-builder-el-62  el_after_av_one_third  el_before_av_one_third  first flex_column_div av-zero-column-padding  column-top-margin'     ><style type=\"text\/css\" data-created_by=\"avia_inline_auto\" id=\"style-css-av-jnk4f8mj-5-5bdbb8692477920166f391fa4da02683\">\n.avia-image-container.av-jnk4f8mj-5-5bdbb8692477920166f391fa4da02683 img.avia_image{\nbox-shadow:none;\n}\n.avia-image-container.av-jnk4f8mj-5-5bdbb8692477920166f391fa4da02683 .av-caption-image-overlay-bg{\nopacity:0.4;\nbackground-color:#000000;\n}\n.avia-image-container.av-jnk4f8mj-5-5bdbb8692477920166f391fa4da02683 .av-image-caption-overlay-center{\ncolor:#ffffff;\n}\n<\/style>\n<div  class='avia-image-container av-jnk4f8mj-5-5bdbb8692477920166f391fa4da02683 av-styling- av-img-linked avia-align-center  avia-builder-el-63  avia-builder-el-no-sibling  noHover av-overlay-hover-deactivate'   itemprop=\"image\" itemscope=\"itemscope\" itemtype=\"https:\/\/schema.org\/ImageObject\" ><div class=\"avia-image-container-inner\"><div class=\"avia-image-overlay-wrap\"><a href=\"https:\/\/exteriorscastellar.com\/es\/galeria-de-trabajos\/porches-pergolas-y-toldos\/pp15-porche-rustico-de-madera-y-teja-arabe\/\" class='avia_image '  aria-label='img-20180615-wa0034'><div class=\"av-image-caption-overlay\"><div class=\"av-caption-image-overlay-bg\"><\/div><div class=\"av-image-caption-overlay-position\"><div class=\"av-image-caption-overlay-center\"><p>PP15<br \/>\nPorche r\u00fastico<br \/>\n[ + ]<\/p>\n<\/div><\/div><\/div><img decoding=\"async\" fetchpriority=\"high\" class='wp-image-4542 avia-img-lazy-loading-not-4542 avia_image ' src=\"https:\/\/exteriorscastellar.com\/wp-content\/uploads\/2018\/12\/img-20180615-wa0034-180x180.jpg\" alt='' title='img-20180615-wa0034'  height=\"180\" width=\"180\"  itemprop=\"thumbnailUrl\" srcset=\"https:\/\/exteriorscastellar.com\/wp-content\/uploads\/2018\/12\/img-20180615-wa0034-180x180.jpg 180w, https:\/\/exteriorscastellar.com\/wp-content\/uploads\/2018\/12\/img-20180615-wa0034-80x80.jpg 80w, https:\/\/exteriorscastellar.com\/wp-content\/uploads\/2018\/12\/img-20180615-wa0034-36x36.jpg 36w, https:\/\/exteriorscastellar.com\/wp-content\/uploads\/2018\/12\/img-20180615-wa0034-120x120.jpg 120w, https:\/\/exteriorscastellar.com\/wp-content\/uploads\/2018\/12\/img-20180615-wa0034-450x450.jpg 450w\" sizes=\"(max-width: 180px) 100vw, 180px\" \/><\/a><\/div><\/div><\/div><\/div>\n<style type=\"text\/css\" data-created_by=\"avia_inline_auto\" id=\"style-css-av-1cpnh34-4-d13895345dcdf8a18c2dc9e58e08b884\">\n.flex_column.av-1cpnh34-4-d13895345dcdf8a18c2dc9e58e08b884{\nborder-radius:0px 0px 0px 0px;\npadding:0px 0px 0px 0px;\n}\n<\/style>\n<div  class='flex_column av-1cpnh34-4-d13895345dcdf8a18c2dc9e58e08b884 av_one_third  avia-builder-el-64  el_after_av_one_third  el_before_av_one_third  flex_column_div av-zero-column-padding  column-top-margin'     ><style type=\"text\/css\" data-created_by=\"avia_inline_auto\" id=\"style-css-av-jnk4f8mj-3-a97659d97e2cd1ab099095270e3af3ee\">\n.avia-image-container.av-jnk4f8mj-3-a97659d97e2cd1ab099095270e3af3ee img.avia_image{\nbox-shadow:none;\n}\n.avia-image-container.av-jnk4f8mj-3-a97659d97e2cd1ab099095270e3af3ee .av-caption-image-overlay-bg{\nopacity:0.4;\nbackground-color:#000000;\n}\n.avia-image-container.av-jnk4f8mj-3-a97659d97e2cd1ab099095270e3af3ee .av-image-caption-overlay-center{\ncolor:#ffffff;\n}\n<\/style>\n<div  class='avia-image-container av-jnk4f8mj-3-a97659d97e2cd1ab099095270e3af3ee av-styling- av-img-linked avia-align-center  avia-builder-el-65  avia-builder-el-no-sibling  noHover av-overlay-hover-deactivate'   itemprop=\"image\" itemscope=\"itemscope\" itemtype=\"https:\/\/schema.org\/ImageObject\" ><div class=\"avia-image-container-inner\"><div class=\"avia-image-overlay-wrap\"><a href=\"https:\/\/exteriorscastellar.com\/es\/galeria-de-trabajos\/porches-pergolas-y-toldos\/pp14-pergola-de-aluminio-a-medida-color-bronce\/\" class='avia_image '  aria-label='b'><div class=\"av-image-caption-overlay\"><div class=\"av-caption-image-overlay-bg\"><\/div><div class=\"av-image-caption-overlay-position\"><div class=\"av-image-caption-overlay-center\"><p>PP14<br \/>\nP\u00e9rgola de aluminio<br \/>\n[ + ]<\/p>\n<\/div><\/div><\/div><img decoding=\"async\" fetchpriority=\"high\" class='wp-image-4462 avia-img-lazy-loading-not-4462 avia_image ' src=\"https:\/\/exteriorscastellar.com\/wp-content\/uploads\/2018\/10\/b-180x180.jpg\" alt='' title='b'  height=\"180\" width=\"180\"  itemprop=\"thumbnailUrl\" srcset=\"https:\/\/exteriorscastellar.com\/wp-content\/uploads\/2018\/10\/b-180x180.jpg 180w, https:\/\/exteriorscastellar.com\/wp-content\/uploads\/2018\/10\/b-80x80.jpg 80w, https:\/\/exteriorscastellar.com\/wp-content\/uploads\/2018\/10\/b-36x36.jpg 36w, https:\/\/exteriorscastellar.com\/wp-content\/uploads\/2018\/10\/b-120x120.jpg 120w, https:\/\/exteriorscastellar.com\/wp-content\/uploads\/2018\/10\/b-450x450.jpg 450w\" sizes=\"(max-width: 180px) 100vw, 180px\" \/><\/a><\/div><\/div><\/div><\/div><\/p>\n\n<style type=\"text\/css\" data-created_by=\"avia_inline_auto\" id=\"style-css-av-1asg9g0-f3ebdf02e3f743a9e3bdd8905256f3de\">\n.flex_column.av-1asg9g0-f3ebdf02e3f743a9e3bdd8905256f3de{\nborder-radius:0px 0px 0px 0px;\npadding:0px 0px 0px 0px;\n}\n<\/style>\n<div  class='flex_column av-1asg9g0-f3ebdf02e3f743a9e3bdd8905256f3de av_one_third  avia-builder-el-66  el_after_av_one_third  el_before_av_one_third  flex_column_div av-zero-column-padding  column-top-margin'     ><style type=\"text\/css\" data-created_by=\"avia_inline_auto\" id=\"style-css-av-19k8ts0-36c5e3f4dc8486ea3ae55d6067ae9326\">\n.avia-image-container.av-19k8ts0-36c5e3f4dc8486ea3ae55d6067ae9326 img.avia_image{\nbox-shadow:none;\n}\n.avia-image-container.av-19k8ts0-36c5e3f4dc8486ea3ae55d6067ae9326 .av-caption-image-overlay-bg{\nopacity:0.4;\nbackground-color:#000000;\n}\n.avia-image-container.av-19k8ts0-36c5e3f4dc8486ea3ae55d6067ae9326 .av-image-caption-overlay-center{\ncolor:#ffffff;\n}\n<\/style>\n<div  class='avia-image-container av-19k8ts0-36c5e3f4dc8486ea3ae55d6067ae9326 av-styling- av-img-linked avia-align-center  avia-builder-el-67  avia-builder-el-no-sibling  noHover av-overlay-hover-deactivate'   itemprop=\"image\" itemscope=\"itemscope\" itemtype=\"https:\/\/schema.org\/ImageObject\" ><div class=\"avia-image-container-inner\"><div class=\"avia-image-overlay-wrap\"><a href=\"https:\/\/exteriorscastellar.com\/es\/galeria-de-trabajos\/porches-pergolas-y-toldos\/pp13-porche-de-madera-en-castellar-del-valles\/\" class='avia_image '  aria-label='pp13-03'><div class=\"av-image-caption-overlay\"><div class=\"av-caption-image-overlay-bg\"><\/div><div class=\"av-image-caption-overlay-position\"><div class=\"av-image-caption-overlay-center\"><p>PP13<br \/>\nPorche<br \/>\nCastellar<br \/>\n[ + ]<\/p>\n<\/div><\/div><\/div><img decoding=\"async\" fetchpriority=\"high\" class='wp-image-4086 avia-img-lazy-loading-not-4086 avia_image ' src=\"https:\/\/exteriorscastellar.com\/wp-content\/uploads\/2017\/10\/pp13-03-180x180.jpg\" alt='' title='pp13-03'  height=\"180\" width=\"180\"  itemprop=\"thumbnailUrl\" srcset=\"https:\/\/exteriorscastellar.com\/wp-content\/uploads\/2017\/10\/pp13-03-180x180.jpg 180w, https:\/\/exteriorscastellar.com\/wp-content\/uploads\/2017\/10\/pp13-03-80x80.jpg 80w, https:\/\/exteriorscastellar.com\/wp-content\/uploads\/2017\/10\/pp13-03-36x36.jpg 36w, https:\/\/exteriorscastellar.com\/wp-content\/uploads\/2017\/10\/pp13-03-120x120.jpg 120w, https:\/\/exteriorscastellar.com\/wp-content\/uploads\/2017\/10\/pp13-03-450x450.jpg 450w\" sizes=\"(max-width: 180px) 100vw, 180px\" \/><\/a><\/div><\/div><\/div><\/div>\n\n<style type=\"text\/css\" data-created_by=\"avia_inline_auto\" id=\"style-css-av-186x2b4-b8a3997c3c701ba440f855434750741c\">\n.flex_column.av-186x2b4-b8a3997c3c701ba440f855434750741c{\nborder-radius:0px 0px 0px 0px;\npadding:0px 0px 0px 0px;\n}\n<\/style>\n<div  class='flex_column av-186x2b4-b8a3997c3c701ba440f855434750741c av_one_third  avia-builder-el-68  el_after_av_one_third  el_before_av_one_third  first flex_column_div av-zero-column-padding  column-top-margin'     ><style type=\"text\/css\" data-created_by=\"avia_inline_auto\" id=\"style-css-av-1669ysg-0ecfbb935fb9959d76b931588f9f7d77\">\n.avia-image-container.av-1669ysg-0ecfbb935fb9959d76b931588f9f7d77 img.avia_image{\nbox-shadow:none;\n}\n.avia-image-container.av-1669ysg-0ecfbb935fb9959d76b931588f9f7d77 .av-caption-image-overlay-bg{\nopacity:0.4;\nbackground-color:#000000;\n}\n.avia-image-container.av-1669ysg-0ecfbb935fb9959d76b931588f9f7d77 .av-image-caption-overlay-center{\ncolor:#ffffff;\n}\n<\/style>\n<div  class='avia-image-container av-1669ysg-0ecfbb935fb9959d76b931588f9f7d77 av-styling- av-img-linked avia-align-center  avia-builder-el-69  avia-builder-el-no-sibling  noHover av-overlay-hover-deactivate'   itemprop=\"image\" itemscope=\"itemscope\" itemtype=\"https:\/\/schema.org\/ImageObject\" ><div class=\"avia-image-container-inner\"><div class=\"avia-image-overlay-wrap\"><a href=\"https:\/\/exteriorscastellar.com\/es\/galeria-de-trabajos\/porches-pergolas-y-toldos\/pp12-marquesina-de-madera-con-cubierta-de-tela-asfaltica\/\" class='avia_image '  aria-label='pp12-02'><div class=\"av-image-caption-overlay\"><div class=\"av-caption-image-overlay-bg\"><\/div><div class=\"av-image-caption-overlay-position\"><div class=\"av-image-caption-overlay-center\"><p>PP12<br \/>\nMarquesina de madera<br \/>\n[ + ]<\/p>\n<\/div><\/div><\/div><img decoding=\"async\" fetchpriority=\"high\" class='wp-image-4081 avia-img-lazy-loading-not-4081 avia_image ' src=\"https:\/\/exteriorscastellar.com\/wp-content\/uploads\/2017\/10\/pp12-02-180x180.jpg\" alt='' title='pp12-02'  height=\"180\" width=\"180\"  itemprop=\"thumbnailUrl\" srcset=\"https:\/\/exteriorscastellar.com\/wp-content\/uploads\/2017\/10\/pp12-02-180x180.jpg 180w, https:\/\/exteriorscastellar.com\/wp-content\/uploads\/2017\/10\/pp12-02-80x80.jpg 80w, https:\/\/exteriorscastellar.com\/wp-content\/uploads\/2017\/10\/pp12-02-36x36.jpg 36w, https:\/\/exteriorscastellar.com\/wp-content\/uploads\/2017\/10\/pp12-02-120x120.jpg 120w, https:\/\/exteriorscastellar.com\/wp-content\/uploads\/2017\/10\/pp12-02-450x450.jpg 450w\" sizes=\"(max-width: 180px) 100vw, 180px\" \/><\/a><\/div><\/div><\/div><\/div>\n\n<style type=\"text\/css\" data-created_by=\"avia_inline_auto\" id=\"style-css-av-xkt9z4-4a242ce9a8872949e215b7178e360b85\">\n.flex_column.av-xkt9z4-4a242ce9a8872949e215b7178e360b85{\nborder-radius:0px 0px 0px 0px;\npadding:0px 0px 0px 0px;\n}\n<\/style>\n<div  class='flex_column av-xkt9z4-4a242ce9a8872949e215b7178e360b85 av_one_third  avia-builder-el-70  el_after_av_one_third  el_before_av_one_third  flex_column_div av-zero-column-padding  column-top-margin'     ><style type=\"text\/css\" data-created_by=\"avia_inline_auto\" id=\"style-css-av-vm3mgg-669f734e52bda4d487a81592dfe1de81\">\n.avia-image-container.av-vm3mgg-669f734e52bda4d487a81592dfe1de81 img.avia_image{\nbox-shadow:none;\n}\n.avia-image-container.av-vm3mgg-669f734e52bda4d487a81592dfe1de81 .av-caption-image-overlay-bg{\nopacity:0.4;\nbackground-color:#000000;\n}\n.avia-image-container.av-vm3mgg-669f734e52bda4d487a81592dfe1de81 .av-image-caption-overlay-center{\ncolor:#ffffff;\n}\n<\/style>\n<div  class='avia-image-container av-vm3mgg-669f734e52bda4d487a81592dfe1de81 av-styling- av-img-linked avia-align-center  avia-builder-el-71  avia-builder-el-no-sibling  noHover av-overlay-hover-deactivate'   itemprop=\"image\" itemscope=\"itemscope\" itemtype=\"https:\/\/schema.org\/ImageObject\" ><div class=\"avia-image-container-inner\"><div class=\"avia-image-overlay-wrap\"><a href=\"https:\/\/exteriorscastellar.com\/es\/galeria-de-trabajos\/porches-pergolas-y-toldos\/pp09-reforma-porche\/\" class='avia_image '  aria-label='pp09-03'><div class=\"av-image-caption-overlay\"><div class=\"av-caption-image-overlay-bg\"><\/div><div class=\"av-image-caption-overlay-position\"><div class=\"av-image-caption-overlay-center\"><p>PP09<br \/>\nReforma porche<br \/>\n[ + ]<\/p>\n<\/div><\/div><\/div><img decoding=\"async\" fetchpriority=\"high\" class='wp-image-4024 avia-img-lazy-loading-not-4024 avia_image ' src=\"https:\/\/exteriorscastellar.com\/wp-content\/uploads\/2017\/10\/pp09-03-180x180.jpg\" alt='' title='pp09-03'  height=\"180\" width=\"180\"  itemprop=\"thumbnailUrl\" srcset=\"https:\/\/exteriorscastellar.com\/wp-content\/uploads\/2017\/10\/pp09-03-180x180.jpg 180w, https:\/\/exteriorscastellar.com\/wp-content\/uploads\/2017\/10\/pp09-03-80x80.jpg 80w, https:\/\/exteriorscastellar.com\/wp-content\/uploads\/2017\/10\/pp09-03-36x36.jpg 36w, https:\/\/exteriorscastellar.com\/wp-content\/uploads\/2017\/10\/pp09-03-120x120.jpg 120w, https:\/\/exteriorscastellar.com\/wp-content\/uploads\/2017\/10\/pp09-03-450x450.jpg 450w\" sizes=\"(max-width: 180px) 100vw, 180px\" \/><\/a><\/div><\/div><\/div><\/div>\n\n<style type=\"text\/css\" data-created_by=\"avia_inline_auto\" id=\"style-css-av-r6kycg-0a4f95dd7da9dd78fe90b58cc199e21d\">\n.flex_column.av-r6kycg-0a4f95dd7da9dd78fe90b58cc199e21d{\nborder-radius:0px 0px 0px 0px;\npadding:0px 0px 0px 0px;\n}\n<\/style>\n<div  class='flex_column av-r6kycg-0a4f95dd7da9dd78fe90b58cc199e21d av_one_third  avia-builder-el-72  el_after_av_one_third  el_before_av_one_third  flex_column_div av-zero-column-padding  column-top-margin'     ><style type=\"text\/css\" data-created_by=\"avia_inline_auto\" id=\"style-css-av-phk8k0-acff8d56b994dfbf785339b4b814c2c6\">\n.avia-image-container.av-phk8k0-acff8d56b994dfbf785339b4b814c2c6 img.avia_image{\nbox-shadow:none;\n}\n.avia-image-container.av-phk8k0-acff8d56b994dfbf785339b4b814c2c6 .av-caption-image-overlay-bg{\nopacity:0.4;\nbackground-color:#000000;\n}\n.avia-image-container.av-phk8k0-acff8d56b994dfbf785339b4b814c2c6 .av-image-caption-overlay-center{\ncolor:#ffffff;\n}\n<\/style>\n<div  class='avia-image-container av-phk8k0-acff8d56b994dfbf785339b4b814c2c6 av-styling- av-img-linked avia-align-center  avia-builder-el-73  avia-builder-el-no-sibling  noHover av-overlay-hover-deactivate'   itemprop=\"image\" itemscope=\"itemscope\" itemtype=\"https:\/\/schema.org\/ImageObject\" ><div class=\"avia-image-container-inner\"><div class=\"avia-image-overlay-wrap\"><a href=\"https:\/\/exteriorscastellar.com\/es\/galeria-de-trabajos\/porches-pergolas-y-toldos\/pp07-pergola-en-castellar-del-valles\/\" class='avia_image '  aria-label='1'><div class=\"av-image-caption-overlay\"><div class=\"av-caption-image-overlay-bg\"><\/div><div class=\"av-image-caption-overlay-position\"><div class=\"av-image-caption-overlay-center\"><p>PP07<br \/>\nP\u00e9rgola Castellar del Vall\u00e8s<br \/>\n[ + ]<\/p>\n<\/div><\/div><\/div><img decoding=\"async\" fetchpriority=\"high\" class='wp-image-3919 avia-img-lazy-loading-not-3919 avia_image ' src=\"https:\/\/exteriorscastellar.com\/wp-content\/uploads\/2017\/05\/1-1-180x180.jpg\" alt='' title='1'  height=\"180\" width=\"180\"  itemprop=\"thumbnailUrl\" srcset=\"https:\/\/exteriorscastellar.com\/wp-content\/uploads\/2017\/05\/1-1-180x180.jpg 180w, https:\/\/exteriorscastellar.com\/wp-content\/uploads\/2017\/05\/1-1-80x80.jpg 80w, https:\/\/exteriorscastellar.com\/wp-content\/uploads\/2017\/05\/1-1-36x36.jpg 36w, https:\/\/exteriorscastellar.com\/wp-content\/uploads\/2017\/05\/1-1-120x120.jpg 120w, https:\/\/exteriorscastellar.com\/wp-content\/uploads\/2017\/05\/1-1-450x450.jpg 450w\" sizes=\"(max-width: 180px) 100vw, 180px\" \/><\/a><\/div><\/div><\/div><\/div>\n\n<style type=\"text\/css\" data-created_by=\"avia_inline_auto\" id=\"style-css-av-nlutn4-dc00616e740555add691e30b09e30cc0\">\n.flex_column.av-nlutn4-dc00616e740555add691e30b09e30cc0{\nborder-radius:0px 0px 0px 0px;\npadding:0px 0px 0px 0px;\n}\n<\/style>\n<div  class='flex_column av-nlutn4-dc00616e740555add691e30b09e30cc0 av_one_third  avia-builder-el-74  el_after_av_one_third  el_before_av_one_third  first flex_column_div av-zero-column-padding  column-top-margin'     ><style type=\"text\/css\" data-created_by=\"avia_inline_auto\" id=\"style-css-av-malncw-23aa376f12d7ca83c793a4760c8be782\">\n.avia-image-container.av-malncw-23aa376f12d7ca83c793a4760c8be782 img.avia_image{\nbox-shadow:none;\n}\n.avia-image-container.av-malncw-23aa376f12d7ca83c793a4760c8be782 .av-caption-image-overlay-bg{\nopacity:0.4;\nbackground-color:#000000;\n}\n.avia-image-container.av-malncw-23aa376f12d7ca83c793a4760c8be782 .av-image-caption-overlay-center{\ncolor:#ffffff;\n}\n<\/style>\n<div  class='avia-image-container av-malncw-23aa376f12d7ca83c793a4760c8be782 av-styling- av-img-linked avia-align-center  avia-builder-el-75  avia-builder-el-no-sibling  noHover av-overlay-hover-deactivate'   itemprop=\"image\" itemscope=\"itemscope\" itemtype=\"https:\/\/schema.org\/ImageObject\" ><div class=\"avia-image-container-inner\"><div class=\"avia-image-overlay-wrap\"><a href=\"https:\/\/exteriorscastellar.com\/es\/galeria-de-trabajos\/porches-pergolas-y-toldos\/pp06b-gran-porche-de-madera-y-pizarra\/\" class='avia_image '  ><div class=\"av-image-caption-overlay\"><div class=\"av-caption-image-overlay-bg\"><\/div><div class=\"av-image-caption-overlay-position\"><div class=\"av-image-caption-overlay-center\"><p>PP06b<br \/>\nGran porche<br \/>\n[ + ]<\/p>\n<\/div><\/div><\/div><img decoding=\"async\" fetchpriority=\"high\" class='wp-image-3862 avia-img-lazy-loading-not-3862 avia_image ' src=\"https:\/\/exteriorscastellar.com\/wp-content\/uploads\/2016\/08\/2-3-180x180.jpg\" alt='' title=''  height=\"180\" width=\"180\"  itemprop=\"thumbnailUrl\" srcset=\"https:\/\/exteriorscastellar.com\/wp-content\/uploads\/2016\/08\/2-3-180x180.jpg 180w, https:\/\/exteriorscastellar.com\/wp-content\/uploads\/2016\/08\/2-3-80x80.jpg 80w, https:\/\/exteriorscastellar.com\/wp-content\/uploads\/2016\/08\/2-3-36x36.jpg 36w, https:\/\/exteriorscastellar.com\/wp-content\/uploads\/2016\/08\/2-3-120x120.jpg 120w, https:\/\/exteriorscastellar.com\/wp-content\/uploads\/2016\/08\/2-3-450x450.jpg 450w\" sizes=\"(max-width: 180px) 100vw, 180px\" \/><\/a><\/div><\/div><\/div><\/div>\n\n<style type=\"text\/css\" data-created_by=\"avia_inline_auto\" id=\"style-css-av-k40n80-91ddf0af9483499f2329ced56406de56\">\n.flex_column.av-k40n80-91ddf0af9483499f2329ced56406de56{\nborder-radius:0px 0px 0px 0px;\npadding:0px 0px 0px 0px;\n}\n<\/style>\n<div  class='flex_column av-k40n80-91ddf0af9483499f2329ced56406de56 av_one_third  avia-builder-el-76  el_after_av_one_third  el_before_av_one_third  flex_column_div av-zero-column-padding  column-top-margin'     ><style type=\"text\/css\" data-created_by=\"avia_inline_auto\" id=\"style-css-av-j39cc0-60797b37b51e539460b8f4526516d6c0\">\n.avia-image-container.av-j39cc0-60797b37b51e539460b8f4526516d6c0 img.avia_image{\nbox-shadow:none;\n}\n.avia-image-container.av-j39cc0-60797b37b51e539460b8f4526516d6c0 .av-caption-image-overlay-bg{\nopacity:0.4;\nbackground-color:#000000;\n}\n.avia-image-container.av-j39cc0-60797b37b51e539460b8f4526516d6c0 .av-image-caption-overlay-center{\ncolor:#ffffff;\n}\n<\/style>\n<div  class='avia-image-container av-j39cc0-60797b37b51e539460b8f4526516d6c0 av-styling- av-img-linked avia-align-center  avia-builder-el-77  avia-builder-el-no-sibling  noHover av-overlay-hover-deactivate'   itemprop=\"image\" itemscope=\"itemscope\" itemtype=\"https:\/\/schema.org\/ImageObject\" ><div class=\"avia-image-container-inner\"><div class=\"avia-image-overlay-wrap\"><a href=\"https:\/\/exteriorscastellar.com\/es\/galeria-de-trabajos\/porches-pergolas-y-toldos\/pp06a-porche-en-caldes-de-montbui\/\" class='avia_image '  aria-label='1'><div class=\"av-image-caption-overlay\"><div class=\"av-caption-image-overlay-bg\"><\/div><div class=\"av-image-caption-overlay-position\"><div class=\"av-image-caption-overlay-center\"><p>PP06a<br \/>\nPorche Caldes de Montbui<br \/>\n[ + ]<\/p>\n<\/div><\/div><\/div><img decoding=\"async\" fetchpriority=\"high\" class='wp-image-3914 avia-img-lazy-loading-not-3914 avia_image ' src=\"https:\/\/exteriorscastellar.com\/wp-content\/uploads\/2017\/05\/1-180x180.jpg\" alt='' title='1'  height=\"180\" width=\"180\"  itemprop=\"thumbnailUrl\" srcset=\"https:\/\/exteriorscastellar.com\/wp-content\/uploads\/2017\/05\/1-180x180.jpg 180w, https:\/\/exteriorscastellar.com\/wp-content\/uploads\/2017\/05\/1-80x80.jpg 80w, https:\/\/exteriorscastellar.com\/wp-content\/uploads\/2017\/05\/1-36x36.jpg 36w, https:\/\/exteriorscastellar.com\/wp-content\/uploads\/2017\/05\/1-120x120.jpg 120w, https:\/\/exteriorscastellar.com\/wp-content\/uploads\/2017\/05\/1-450x450.jpg 450w\" sizes=\"(max-width: 180px) 100vw, 180px\" \/><\/a><\/div><\/div><\/div><\/div>\n\n<style type=\"text\/css\" data-created_by=\"avia_inline_auto\" id=\"style-css-av-6c3hc-3aaac86401a11da7313d59d05375cef0\">\n.flex_column.av-6c3hc-3aaac86401a11da7313d59d05375cef0{\nborder-radius:0px 0px 0px 0px;\npadding:0px 0px 0px 0px;\n}\n<\/style>\n<div  class='flex_column av-6c3hc-3aaac86401a11da7313d59d05375cef0 av_one_third  avia-builder-el-78  el_after_av_one_third  el_before_av_one_third  flex_column_div av-zero-column-padding  column-top-margin'     ><style type=\"text\/css\" data-created_by=\"avia_inline_auto\" id=\"style-css-av-fj17s0-c57aa2540f00b3e0f9b54c10f29a195e\">\n.avia-image-container.av-fj17s0-c57aa2540f00b3e0f9b54c10f29a195e img.avia_image{\nbox-shadow:none;\n}\n.avia-image-container.av-fj17s0-c57aa2540f00b3e0f9b54c10f29a195e .av-caption-image-overlay-bg{\nopacity:0.4;\nbackground-color:#000000;\n}\n.avia-image-container.av-fj17s0-c57aa2540f00b3e0f9b54c10f29a195e .av-image-caption-overlay-center{\ncolor:#ffffff;\n}\n<\/style>\n<div  class='avia-image-container av-fj17s0-c57aa2540f00b3e0f9b54c10f29a195e av-styling- av-img-linked avia-align-center  avia-builder-el-79  avia-builder-el-no-sibling  noHover av-overlay-hover-deactivate'   itemprop=\"image\" itemscope=\"itemscope\" itemtype=\"https:\/\/schema.org\/ImageObject\" ><div class=\"avia-image-container-inner\"><div class=\"avia-image-overlay-wrap\"><a href=\"https:\/\/exteriorscastellar.com\/es\/galeria-de-trabajos\/porches-pergolas-y-toldos\/pp05-porche-y-terraza-en-la-cerdanya\/\" class='avia_image '  aria-label='Modul1'><div class=\"av-image-caption-overlay\"><div class=\"av-caption-image-overlay-bg\"><\/div><div class=\"av-image-caption-overlay-position\"><div class=\"av-image-caption-overlay-center\"><p>PP05<br \/>\nPorche La Cerdanya<br \/>\n[ + ]<\/p>\n<\/div><\/div><\/div><img decoding=\"async\" fetchpriority=\"high\" class='wp-image-3657 avia-img-lazy-loading-not-3657 avia_image ' src=\"https:\/\/exteriorscastellar.com\/wp-content\/uploads\/2016\/06\/modul1-180x180.jpg\" alt='' title='Modul1'  height=\"180\" width=\"180\"  itemprop=\"thumbnailUrl\" srcset=\"https:\/\/exteriorscastellar.com\/wp-content\/uploads\/2016\/06\/modul1-180x180.jpg 180w, https:\/\/exteriorscastellar.com\/wp-content\/uploads\/2016\/06\/modul1-80x80.jpg 80w, https:\/\/exteriorscastellar.com\/wp-content\/uploads\/2016\/06\/modul1-36x36.jpg 36w, https:\/\/exteriorscastellar.com\/wp-content\/uploads\/2016\/06\/modul1-120x120.jpg 120w, https:\/\/exteriorscastellar.com\/wp-content\/uploads\/2016\/06\/modul1-450x450.jpg 450w\" sizes=\"(max-width: 180px) 100vw, 180px\" \/><\/a><\/div><\/div><\/div><\/div>\n\n<style type=\"text\/css\" data-created_by=\"avia_inline_auto\" id=\"style-css-av-eaws4w-259a5d7b5863038a8c0f32aeab601177\">\n.flex_column.av-eaws4w-259a5d7b5863038a8c0f32aeab601177{\nborder-radius:0px 0px 0px 0px;\npadding:0px 0px 0px 0px;\n}\n<\/style>\n<div  class='flex_column av-eaws4w-259a5d7b5863038a8c0f32aeab601177 av_one_third  avia-builder-el-80  el_after_av_one_third  el_before_av_one_third  first flex_column_div av-zero-column-padding  column-top-margin'     ><style type=\"text\/css\" data-created_by=\"avia_inline_auto\" id=\"style-css-av-bwpuw0-0e7bac923ae24f362d8dbedd259e6ed6\">\n.avia-image-container.av-bwpuw0-0e7bac923ae24f362d8dbedd259e6ed6 img.avia_image{\nbox-shadow:none;\n}\n.avia-image-container.av-bwpuw0-0e7bac923ae24f362d8dbedd259e6ed6 .av-caption-image-overlay-bg{\nopacity:0.4;\nbackground-color:#000000;\n}\n.avia-image-container.av-bwpuw0-0e7bac923ae24f362d8dbedd259e6ed6 .av-image-caption-overlay-center{\ncolor:#ffffff;\n}\n<\/style>\n<div  class='avia-image-container av-bwpuw0-0e7bac923ae24f362d8dbedd259e6ed6 av-styling- av-img-linked avia-align-center  avia-builder-el-81  avia-builder-el-no-sibling  noHover av-overlay-hover-deactivate'   itemprop=\"image\" itemscope=\"itemscope\" itemtype=\"https:\/\/schema.org\/ImageObject\" ><div class=\"avia-image-container-inner\"><div class=\"avia-image-overlay-wrap\"><a href=\"https:\/\/exteriorscastellar.com\/es\/galeria-de-trabajos\/porches-pergolas-y-toldos\/pp04-porche-en-la-urbanizacion-airesol\/\" class='avia_image '  aria-label='1'><div class=\"av-image-caption-overlay\"><div class=\"av-caption-image-overlay-bg\"><\/div><div class=\"av-image-caption-overlay-position\"><div class=\"av-image-caption-overlay-center\"><p>PP04<br \/>\nPorche r\u00fastico Castellar del Vall\u00e8s<br \/>\n[ + ]<\/p>\n<\/div><\/div><\/div><img decoding=\"async\" fetchpriority=\"high\" class='wp-image-3650 avia-img-lazy-loading-not-3650 avia_image ' src=\"https:\/\/exteriorscastellar.com\/wp-content\/uploads\/2016\/06\/1-6-180x180.jpg\" alt='' title='1'  height=\"180\" width=\"180\"  itemprop=\"thumbnailUrl\" srcset=\"https:\/\/exteriorscastellar.com\/wp-content\/uploads\/2016\/06\/1-6-180x180.jpg 180w, https:\/\/exteriorscastellar.com\/wp-content\/uploads\/2016\/06\/1-6-80x80.jpg 80w, https:\/\/exteriorscastellar.com\/wp-content\/uploads\/2016\/06\/1-6-36x36.jpg 36w, https:\/\/exteriorscastellar.com\/wp-content\/uploads\/2016\/06\/1-6-120x120.jpg 120w, https:\/\/exteriorscastellar.com\/wp-content\/uploads\/2016\/06\/1-6-450x450.jpg 450w\" sizes=\"(max-width: 180px) 100vw, 180px\" \/><\/a><\/div><\/div><\/div><\/div>\n\n<style type=\"text\/css\" data-created_by=\"avia_inline_auto\" id=\"style-css-av-bbhjgg-3fa99cee13e086f6c79966583e365f5e\">\n.flex_column.av-bbhjgg-3fa99cee13e086f6c79966583e365f5e{\nborder-radius:0px 0px 0px 0px;\npadding:0px 0px 0px 0px;\n}\n<\/style>\n<div  class='flex_column av-bbhjgg-3fa99cee13e086f6c79966583e365f5e av_one_third  avia-builder-el-82  el_after_av_one_third  el_before_av_one_third  flex_column_div av-zero-column-padding  column-top-margin'     ><style type=\"text\/css\" data-created_by=\"avia_inline_auto\" id=\"style-css-av-8wm6kw-b5f4151c1d089ea212cf8b827493a0d9\">\n.avia-image-container.av-8wm6kw-b5f4151c1d089ea212cf8b827493a0d9 img.avia_image{\nbox-shadow:none;\n}\n.avia-image-container.av-8wm6kw-b5f4151c1d089ea212cf8b827493a0d9 .av-caption-image-overlay-bg{\nopacity:0.4;\nbackground-color:#000000;\n}\n.avia-image-container.av-8wm6kw-b5f4151c1d089ea212cf8b827493a0d9 .av-image-caption-overlay-center{\ncolor:#ffffff;\n}\n<\/style>\n<div  class='avia-image-container av-8wm6kw-b5f4151c1d089ea212cf8b827493a0d9 av-styling- av-img-linked avia-align-center  avia-builder-el-83  avia-builder-el-no-sibling  noHover av-overlay-hover-deactivate'   itemprop=\"image\" itemscope=\"itemscope\" itemtype=\"https:\/\/schema.org\/ImageObject\" ><div class=\"avia-image-container-inner\"><div class=\"avia-image-overlay-wrap\"><a href=\"https:\/\/exteriorscastellar.com\/es\/galeria-de-trabajos\/porches-pergolas-y-toldos\/pp03-porche-de-madera-de-pino-y-cubierta-de-teja-arabe\/\" class='avia_image '  aria-label='1'><div class=\"av-image-caption-overlay\"><div class=\"av-caption-image-overlay-bg\"><\/div><div class=\"av-image-caption-overlay-position\"><div class=\"av-image-caption-overlay-center\"><p>PP03<br \/>\nPorche comunidad<br \/>\n[ + ]<\/p>\n<\/div><\/div><\/div><img decoding=\"async\" fetchpriority=\"high\" class='wp-image-3646 avia-img-lazy-loading-not-3646 avia_image ' src=\"https:\/\/exteriorscastellar.com\/wp-content\/uploads\/2016\/06\/1-5-180x180.jpg\" alt='' title='1'  height=\"180\" width=\"180\"  itemprop=\"thumbnailUrl\" srcset=\"https:\/\/exteriorscastellar.com\/wp-content\/uploads\/2016\/06\/1-5-180x180.jpg 180w, https:\/\/exteriorscastellar.com\/wp-content\/uploads\/2016\/06\/1-5-80x80.jpg 80w, https:\/\/exteriorscastellar.com\/wp-content\/uploads\/2016\/06\/1-5-36x36.jpg 36w, https:\/\/exteriorscastellar.com\/wp-content\/uploads\/2016\/06\/1-5-120x120.jpg 120w, https:\/\/exteriorscastellar.com\/wp-content\/uploads\/2016\/06\/1-5-450x450.jpg 450w\" sizes=\"(max-width: 180px) 100vw, 180px\" \/><\/a><\/div><\/div><\/div><\/div>\n\n<style type=\"text\/css\" data-created_by=\"avia_inline_auto\" id=\"style-css-av-6smmn4-9a9dcc2e935a2b133d13b07317fa73a2\">\n.flex_column.av-6smmn4-9a9dcc2e935a2b133d13b07317fa73a2{\nborder-radius:0px 0px 0px 0px;\npadding:0px 0px 0px 0px;\n}\n<\/style>\n<div  class='flex_column av-6smmn4-9a9dcc2e935a2b133d13b07317fa73a2 av_one_third  avia-builder-el-84  el_after_av_one_third  el_before_av_one_third  flex_column_div av-zero-column-padding  column-top-margin'     ><style type=\"text\/css\" data-created_by=\"avia_inline_auto\" id=\"style-css-av-5a5oi8-4ab44bb85834e9cfd6750cdf7d13ae63\">\n.avia-image-container.av-5a5oi8-4ab44bb85834e9cfd6750cdf7d13ae63 img.avia_image{\nbox-shadow:none;\n}\n.avia-image-container.av-5a5oi8-4ab44bb85834e9cfd6750cdf7d13ae63 .av-caption-image-overlay-bg{\nopacity:0.4;\nbackground-color:#000000;\n}\n.avia-image-container.av-5a5oi8-4ab44bb85834e9cfd6750cdf7d13ae63 .av-image-caption-overlay-center{\ncolor:#ffffff;\n}\n<\/style>\n<div  class='avia-image-container av-5a5oi8-4ab44bb85834e9cfd6750cdf7d13ae63 av-styling- av-img-linked avia-align-center  avia-builder-el-85  avia-builder-el-no-sibling  noHover av-overlay-hover-deactivate'   itemprop=\"image\" itemscope=\"itemscope\" itemtype=\"https:\/\/schema.org\/ImageObject\" ><div class=\"avia-image-container-inner\"><div class=\"avia-image-overlay-wrap\"><a href=\"https:\/\/exteriorscastellar.com\/es\/galeria-de-trabajos\/porches-pergolas-y-toldos\/pp02-porche-de-madera-y-teja-arabe\/\" class='avia_image '  aria-label='1'><div class=\"av-image-caption-overlay\"><div class=\"av-caption-image-overlay-bg\"><\/div><div class=\"av-image-caption-overlay-position\"><div class=\"av-image-caption-overlay-center\"><p>PP02<br \/>\nPorche madera y teja \u00e1rabe<br \/>\n[ + ]<\/p>\n<\/div><\/div><\/div><img decoding=\"async\" fetchpriority=\"high\" class='wp-image-3641 avia-img-lazy-loading-not-3641 avia_image ' src=\"https:\/\/exteriorscastellar.com\/wp-content\/uploads\/2016\/06\/1-4-180x180.jpg\" alt='' title='1'  height=\"180\" width=\"180\"  itemprop=\"thumbnailUrl\" srcset=\"https:\/\/exteriorscastellar.com\/wp-content\/uploads\/2016\/06\/1-4-180x180.jpg 180w, https:\/\/exteriorscastellar.com\/wp-content\/uploads\/2016\/06\/1-4-80x80.jpg 80w, https:\/\/exteriorscastellar.com\/wp-content\/uploads\/2016\/06\/1-4-36x36.jpg 36w, https:\/\/exteriorscastellar.com\/wp-content\/uploads\/2016\/06\/1-4-120x120.jpg 120w, https:\/\/exteriorscastellar.com\/wp-content\/uploads\/2016\/06\/1-4-450x450.jpg 450w\" sizes=\"(max-width: 180px) 100vw, 180px\" \/><\/a><\/div><\/div><\/div><\/div>\n\n<style type=\"text\/css\" data-created_by=\"avia_inline_auto\" id=\"style-css-av-4s83rk-b254cab777e0d15c31be2d7cdb665c78\">\n.flex_column.av-4s83rk-b254cab777e0d15c31be2d7cdb665c78{\nborder-radius:0px 0px 0px 0px;\npadding:0px 0px 0px 0px;\n}\n<\/style>\n<div  class='flex_column av-4s83rk-b254cab777e0d15c31be2d7cdb665c78 av_one_third  avia-builder-el-86  el_after_av_one_third  avia-builder-el-last  first flex_column_div av-zero-column-padding  column-top-margin'     ><style type=\"text\/css\" data-created_by=\"avia_inline_auto\" id=\"style-css-av-39pfwg-3315eff9198429991f495f5b25fe1db3\">\n.avia-image-container.av-39pfwg-3315eff9198429991f495f5b25fe1db3 img.avia_image{\nbox-shadow:none;\n}\n.avia-image-container.av-39pfwg-3315eff9198429991f495f5b25fe1db3 .av-caption-image-overlay-bg{\nopacity:0.4;\nbackground-color:#000000;\n}\n.avia-image-container.av-39pfwg-3315eff9198429991f495f5b25fe1db3 .av-image-caption-overlay-center{\ncolor:#ffffff;\n}\n<\/style>\n<div  class='avia-image-container av-39pfwg-3315eff9198429991f495f5b25fe1db3 av-styling- av-img-linked avia-align-center  avia-builder-el-87  avia-builder-el-no-sibling  noHover av-overlay-hover-deactivate'   itemprop=\"image\" itemscope=\"itemscope\" itemtype=\"https:\/\/schema.org\/ImageObject\" ><div class=\"avia-image-container-inner\"><div class=\"avia-image-overlay-wrap\"><a href=\"https:\/\/exteriorscastellar.com\/es\/galeria-de-trabajos\/porches-pergolas-y-toldos\/pp01-porche-en-castellar-del-valles\/\" class='avia_image '  aria-label='1'><div class=\"av-image-caption-overlay\"><div class=\"av-caption-image-overlay-bg\"><\/div><div class=\"av-image-caption-overlay-position\"><div class=\"av-image-caption-overlay-center\"><p>PP01<br \/>\nPorche Castellar del Vall\u00e8s<br \/>\n[ + ]<\/p>\n<\/div><\/div><\/div><img decoding=\"async\" fetchpriority=\"high\" class='wp-image-3637 avia-img-lazy-loading-not-3637 avia_image ' src=\"https:\/\/exteriorscastellar.com\/wp-content\/uploads\/2016\/06\/1-3-180x180.jpg\" alt='' title='1'  height=\"180\" width=\"180\"  itemprop=\"thumbnailUrl\" srcset=\"https:\/\/exteriorscastellar.com\/wp-content\/uploads\/2016\/06\/1-3-180x180.jpg 180w, https:\/\/exteriorscastellar.com\/wp-content\/uploads\/2016\/06\/1-3-80x80.jpg 80w, https:\/\/exteriorscastellar.com\/wp-content\/uploads\/2016\/06\/1-3-36x36.jpg 36w, https:\/\/exteriorscastellar.com\/wp-content\/uploads\/2016\/06\/1-3-120x120.jpg 120w, https:\/\/exteriorscastellar.com\/wp-content\/uploads\/2016\/06\/1-3-450x450.jpg 450w\" sizes=\"(max-width: 180px) 100vw, 180px\" \/><\/a><\/div><\/div><\/div><\/div>\n","protected":false},"excerpt":{"rendered":"<p>A continuaci\u00f3n presentamos el dise\u00f1o y construcci\u00f3n de nuestros Porches y P\u00e9rgolas, estructuras adaptables a cualquier tipo de superficie<\/p>\n","protected":false},"author":2,"featured_media":3861,"parent":1690,"menu_order":0,"comment_status":"closed","ping_status":"closed","template":"","meta":{"slim_seo":{"title":"Porches, P\u00e9rgolas y Toldos - Exteriors Castellar","description":"A continuaci\u00f3n presentamos el dise\u00f1o y construcci\u00f3n de nuestros Porches y P\u00e9rgolas, estructuras adaptables a cualquier tipo de superficie"},"footnotes":"","_wp_rev_ctl_limit":"5"},"class_list":["post-2080","page","type-page","status-publish","has-post-thumbnail","hentry"],"_links":{"self":[{"href":"https:\/\/exteriorscastellar.com\/es\/wp-json\/wp\/v2\/pages\/2080","targetHints":{"allow":["GET"]}}],"collection":[{"href":"https:\/\/exteriorscastellar.com\/es\/wp-json\/wp\/v2\/pages"}],"about":[{"href":"https:\/\/exteriorscastellar.com\/es\/wp-json\/wp\/v2\/types\/page"}],"author":[{"embeddable":true,"href":"https:\/\/exteriorscastellar.com\/es\/wp-json\/wp\/v2\/users\/2"}],"replies":[{"embeddable":true,"href":"https:\/\/exteriorscastellar.com\/es\/wp-json\/wp\/v2\/comments?post=2080"}],"version-history":[{"count":2,"href":"https:\/\/exteriorscastellar.com\/es\/wp-json\/wp\/v2\/pages\/2080\/revisions"}],"predecessor-version":[{"id":15617,"href":"https:\/\/exteriorscastellar.com\/es\/wp-json\/wp\/v2\/pages\/2080\/revisions\/15617"}],"up":[{"embeddable":true,"href":"https:\/\/exteriorscastellar.com\/es\/wp-json\/wp\/v2\/pages\/1690"}],"wp:featuredmedia":[{"embeddable":true,"href":"https:\/\/exteriorscastellar.com\/es\/wp-json\/wp\/v2\/media\/3861"}],"wp:attachment":[{"href":"https:\/\/exteriorscastellar.com\/es\/wp-json\/wp\/v2\/media?parent=2080"}],"curies":[{"name":"wp","href":"https:\/\/api.w.org\/{rel}","templated":true}]}}