{"id":1710,"date":"2017-10-13T18:32:12","date_gmt":"2017-10-13T16:32:12","guid":{"rendered":"http:\/\/exteriorscastellar.com\/?page_id=1710"},"modified":"2026-09-02T11:05:26","modified_gmt":"2026-09-02T09:05:26","slug":"casitas-y-despachos-de-madera","status":"publish","type":"page","link":"https:\/\/exteriorscastellar.com\/es\/galeria-de-trabajos\/casitas-y-despachos-de-madera\/","title":{"rendered":"Casitas y Despachos de Madera"},"content":{"rendered":"\n<style type=\"text\/css\" data-created_by=\"avia_inline_auto\" id=\"style-css-av-shsem6-68ba8f6c5cb7268498a3e5ebd5b5b6e6\">\n.flex_column.av-shsem6-68ba8f6c5cb7268498a3e5ebd5b5b6e6{\nborder-radius:0px 0px 0px 0px;\npadding:0px 0px 0px 0px;\n}\n<\/style>\n<div  class='flex_column av-shsem6-68ba8f6c5cb7268498a3e5ebd5b5b6e6 av_one_full  avia-builder-el-0  el_before_av_one_third  avia-builder-el-first  first flex_column_div av-zero-column-padding  '     ><section  class='av_textblock_section av-s0p1u6-d8068bbb9c9d4884178487cd7da32209 '   itemscope=\"itemscope\" itemtype=\"https:\/\/schema.org\/CreativeWork\" ><div class='avia_textblock'  itemprop=\"text\" ><h3>CASETAS DE MADERA HECHAS A MEDIDA<\/h3>\n<p>Nuestros proyectos ACTUALES de casetas de madera no son modelos est\u00e1ndares sino hechos a medida y con exclusividad. Construimos nuevos espacios que se convierten en oficinas, despachos, gimnasios&#8230; siempre pensando en las necesidades de cada cliente particular.<\/p>\n<p>Ahora que el teletrabajo se ha convertido en una realidad consecuencia de la Covid y sus confinamientos, muchas familias han tenido que reestructurar sus viviendas, lo que ha provocado tambi\u00e9n en algunos de los casos hacer un cambio de hogar y en otros optar por ampliaciones. Aprovechando los espacios exteriores se pueden hacer despachos en el jard\u00edn o en la terraza. Esta necesidad actual ha hecho que nuestra empresa haya tenido un alto aumento de estos proyectos: <strong>casetas de madera a medida con la idea de convertirse en un despacho<\/strong>, que permiten tener un espacio a medida, escogiendo todos los detalles (como, por ejemplo, el aislamiento ac\u00fastico y t\u00e9rmico necesario, los enchufes y la iluminaci\u00f3n adecuada, las ventanas de PVC o de aluminio, el tipo de suelo y acabados&#8230;). Siempre desarrollamos nuestros proyectos con la m\u00e1xima profesionalidad y la calidad es un signo distintivo de nuestro proceso de trabajo y de los materiales utilizados.<\/p>\n<p>Seguidamente, encontrar\u00e1 algunos de los proyectos realizados.<\/p>\n<h3>REVESTIMIENTOS CASAS DE MADERA, UNA SOLUCI\u00d3N AL MANTENIMIENTO<\/h3>\n<p>Inicialmente Exteriores Castellar ofrec\u00eda el servicio de mantenimiento de casas de madera, pero actualmente le ofrecemos la posibilidad de forrar cualquier casa de madera con madera tecnol\u00f3gica, una opci\u00f3n que inicialmente es m\u00e1s costosa pero a la larga m\u00e1s efectiva, ya que se consigue m\u00e1s aislamiento y no tener ning\u00fan mantenimiento.<\/p>\n<p>Seguidamente le mostramos un proyecto de fachadas de madera tecnol\u00f3gica: <a href=\"https:\/\/exteriorscastellar.com\/es\/galeria-de-trabajos\/casitas-y-despachos-de-madera\/cf09-fachada-de-madera-tecnologica-sintetica-composite-wpc\/\">m\u00e1s informaci\u00f3n en el proyecto CF09<\/a>.<\/p>\n<p>Gracias a nuestros clientes hemos conseguido el \u00e9xito de nuestros proyectos realizados y, junto con nuestra experiencia, son el mejor aval que le podemos ofrecer. <a href=\"https:\/\/exteriorscastellar.com\/es\/contacto\/\">Contacta con nosotros<\/a> para solicitar la evaluaci\u00f3n y presupuesto sin compromiso de tu proyecto.<\/p>\n<\/div><\/section><\/div>\n\n<style type=\"text\/css\" data-created_by=\"avia_inline_auto\" id=\"style-css-av-p4umi6-0dab2bc92aed5722ab831867cee6bd16\">\n.flex_column.av-p4umi6-0dab2bc92aed5722ab831867cee6bd16{\nborder-radius:0px 0px 0px 0px;\npadding:0px 0px 0px 0px;\n}\n<\/style>\n<div  class='flex_column av-p4umi6-0dab2bc92aed5722ab831867cee6bd16 av_one_third  avia-builder-el-2  el_after_av_one_full  el_before_av_one_third  first flex_column_div av-zero-column-padding  column-top-margin'     ><style type=\"text\/css\" data-created_by=\"avia_inline_auto\" id=\"style-css-av-o1vsym-cd73d6c03822509626b983d07e94ab57\">\n.avia-image-container.av-o1vsym-cd73d6c03822509626b983d07e94ab57 img.avia_image{\nbox-shadow:none;\n}\n.avia-image-container.av-o1vsym-cd73d6c03822509626b983d07e94ab57 .av-caption-image-overlay-bg{\nopacity:0.4;\nbackground-color:#000000;\n}\n.avia-image-container.av-o1vsym-cd73d6c03822509626b983d07e94ab57 .av-image-caption-overlay-center{\ncolor:#ffffff;\n}\n<\/style>\n<div  class='avia-image-container av-o1vsym-cd73d6c03822509626b983d07e94ab57 av-styling- av-img-linked avia-align-center  avia-builder-el-3  avia-builder-el-no-sibling  noHover av-overlay-hover-deactivate'   itemprop=\"image\" itemscope=\"itemscope\" itemtype=\"https:\/\/schema.org\/ImageObject\" ><div class=\"avia-image-container-inner\"><div class=\"avia-image-overlay-wrap\"><a href=\"https:\/\/exteriorscastellar.com\/es\/galeria-de-trabajos\/casitas-y-despachos-de-madera\/cf13-transformacion-de-terraza-en-un-espacio-habitable-de-madera\/\" class='avia_image '  aria-label='cf13-01'><div class=\"av-image-caption-overlay\"><div class=\"av-caption-image-overlay-bg\"><\/div><div class=\"av-image-caption-overlay-position\"><div class=\"av-image-caption-overlay-center\"><p>CF13<br \/>\nTerraza en espacio habitable<br \/>\n[ + ]<\/p>\n<\/div><\/div><\/div><img decoding=\"async\" fetchpriority=\"high\" class='wp-image-14493 avia-img-lazy-loading-not-14493 avia_image ' src=\"https:\/\/exteriorscastellar.com\/wp-content\/uploads\/2026\/03\/cf13-01-180x180.jpg\" alt='' title='cf13-01'  height=\"180\" width=\"180\"  itemprop=\"thumbnailUrl\" srcset=\"https:\/\/exteriorscastellar.com\/wp-content\/uploads\/2026\/03\/cf13-01-180x180.jpg 180w, https:\/\/exteriorscastellar.com\/wp-content\/uploads\/2026\/03\/cf13-01-80x80.jpg 80w, https:\/\/exteriorscastellar.com\/wp-content\/uploads\/2026\/03\/cf13-01-36x36.jpg 36w\" sizes=\"(max-width: 180px) 100vw, 180px\" \/><\/a><\/div><\/div><\/div><\/div>\n<style type=\"text\/css\" data-created_by=\"avia_inline_auto\" id=\"style-css-av-5z03am-194b22559c42ea11458174d4d5f4c184\">\n.flex_column.av-5z03am-194b22559c42ea11458174d4d5f4c184{\nborder-radius:0px 0px 0px 0px;\npadding:0px 0px 0px 0px;\n}\n<\/style>\n<div  class='flex_column av-5z03am-194b22559c42ea11458174d4d5f4c184 av_one_third  avia-builder-el-4  el_after_av_one_third  el_before_av_one_third  flex_column_div av-zero-column-padding  column-top-margin'     ><style type=\"text\/css\" data-created_by=\"avia_inline_auto\" id=\"style-css-av-4ed4im-db30520bef869a6943b42a2c731947b7\">\n.avia-image-container.av-4ed4im-db30520bef869a6943b42a2c731947b7 img.avia_image{\nbox-shadow:none;\n}\n.avia-image-container.av-4ed4im-db30520bef869a6943b42a2c731947b7 .av-caption-image-overlay-bg{\nopacity:0.4;\nbackground-color:#000000;\n}\n.avia-image-container.av-4ed4im-db30520bef869a6943b42a2c731947b7 .av-image-caption-overlay-center{\ncolor:#ffffff;\n}\n<\/style>\n<div  class='avia-image-container av-4ed4im-db30520bef869a6943b42a2c731947b7 av-styling- av-img-linked avia-align-center  avia-builder-el-5  avia-builder-el-no-sibling  noHover av-overlay-hover-deactivate'   itemprop=\"image\" itemscope=\"itemscope\" itemtype=\"https:\/\/schema.org\/ImageObject\" ><div class=\"avia-image-container-inner\"><div class=\"avia-image-overlay-wrap\"><a href=\"https:\/\/exteriorscastellar.com\/es\/galeria-de-trabajos\/casitas-y-despachos-de-madera\/cf12-oficina-exterior-totalmente-equipada-e-integrada-en-la-terraza\/\" class='avia_image '  aria-label='cf12-01'><div class=\"av-image-caption-overlay\"><div class=\"av-caption-image-overlay-bg\"><\/div><div class=\"av-image-caption-overlay-position\"><div class=\"av-image-caption-overlay-center\"><p>CF12<br \/>\nOficina exterior<br \/>\n[ + ]<\/p>\n<\/div><\/div><\/div><img decoding=\"async\" fetchpriority=\"high\" class='wp-image-13251 avia-img-lazy-loading-not-13251 avia_image ' src=\"https:\/\/exteriorscastellar.com\/wp-content\/uploads\/2025\/06\/cf12-01-180x180.jpg\" alt='' title='cf12-01'  height=\"180\" width=\"180\"  itemprop=\"thumbnailUrl\" srcset=\"https:\/\/exteriorscastellar.com\/wp-content\/uploads\/2025\/06\/cf12-01-180x180.jpg 180w, https:\/\/exteriorscastellar.com\/wp-content\/uploads\/2025\/06\/cf12-01-36x36.jpg 36w\" sizes=\"(max-width: 180px) 100vw, 180px\" \/><\/a><\/div><\/div><\/div><\/div>\n<style type=\"text\/css\" data-created_by=\"avia_inline_auto\" id=\"style-css-av-6dofcu-a33c56e0de20a27453b4ceaea802f0ed\">\n.flex_column.av-6dofcu-a33c56e0de20a27453b4ceaea802f0ed{\nborder-radius:0px 0px 0px 0px;\npadding:0px 0px 0px 0px;\n}\n<\/style>\n<div  class='flex_column av-6dofcu-a33c56e0de20a27453b4ceaea802f0ed av_one_third  avia-builder-el-6  el_after_av_one_third  el_before_av_one_third  flex_column_div av-zero-column-padding  column-top-margin'     ><style type=\"text\/css\" data-created_by=\"avia_inline_auto\" id=\"style-css-av-3t58im-653a45aa98c8342712b4e293aa8df650\">\n.avia-image-container.av-3t58im-653a45aa98c8342712b4e293aa8df650 img.avia_image{\nbox-shadow:none;\n}\n.avia-image-container.av-3t58im-653a45aa98c8342712b4e293aa8df650 .av-caption-image-overlay-bg{\nopacity:0.4;\nbackground-color:#000000;\n}\n.avia-image-container.av-3t58im-653a45aa98c8342712b4e293aa8df650 .av-image-caption-overlay-center{\ncolor:#ffffff;\n}\n<\/style>\n<div  class='avia-image-container av-3t58im-653a45aa98c8342712b4e293aa8df650 av-styling- av-img-linked avia-align-center  avia-builder-el-7  avia-builder-el-no-sibling  noHover av-overlay-hover-deactivate'   itemprop=\"image\" itemscope=\"itemscope\" itemtype=\"https:\/\/schema.org\/ImageObject\" ><div class=\"avia-image-container-inner\"><div class=\"avia-image-overlay-wrap\"><a href=\"https:\/\/exteriorscastellar.com\/es\/galeria-de-trabajos\/casitas-y-despachos-de-madera\/cf11-gimnasio-en-casa-home-gym\/\" class='avia_image '  aria-label='cf11-01'><div class=\"av-image-caption-overlay\"><div class=\"av-caption-image-overlay-bg\"><\/div><div class=\"av-image-caption-overlay-position\"><div class=\"av-image-caption-overlay-center\"><p>CF11<br \/>\nHome gym<br \/>\n[ + ]<\/p>\n<\/div><\/div><\/div><img decoding=\"async\" fetchpriority=\"high\" class='wp-image-11464 avia-img-lazy-loading-not-11464 avia_image ' src=\"https:\/\/exteriorscastellar.com\/wp-content\/uploads\/2024\/07\/cf11-01-180x180.jpg\" alt='' title='cf11-01'  height=\"180\" width=\"180\"  itemprop=\"thumbnailUrl\" srcset=\"https:\/\/exteriorscastellar.com\/wp-content\/uploads\/2024\/07\/cf11-01-180x180.jpg 180w, https:\/\/exteriorscastellar.com\/wp-content\/uploads\/2024\/07\/cf11-01-80x80.jpg 80w, https:\/\/exteriorscastellar.com\/wp-content\/uploads\/2024\/07\/cf11-01-36x36.jpg 36w\" sizes=\"(max-width: 180px) 100vw, 180px\" \/><\/a><\/div><\/div><\/div><\/div>\n<style type=\"text\/css\" data-created_by=\"avia_inline_auto\" id=\"style-css-av-lbkhq-7fab6d3c07f83c25089a684de16f19ef\">\n.flex_column.av-lbkhq-7fab6d3c07f83c25089a684de16f19ef{\nborder-radius:0px 0px 0px 0px;\npadding:0px 0px 0px 0px;\n}\n<\/style>\n<div  class='flex_column av-lbkhq-7fab6d3c07f83c25089a684de16f19ef av_one_third  avia-builder-el-8  el_after_av_one_third  el_before_av_one_third  first flex_column_div av-zero-column-padding  column-top-margin'     ><style type=\"text\/css\" data-created_by=\"avia_inline_auto\" id=\"style-css-av-4bc8ri-9c0b76eda6a5feba3bf3f6b71f59012a\">\n.avia-image-container.av-4bc8ri-9c0b76eda6a5feba3bf3f6b71f59012a img.avia_image{\nbox-shadow:none;\n}\n.avia-image-container.av-4bc8ri-9c0b76eda6a5feba3bf3f6b71f59012a .av-caption-image-overlay-bg{\nopacity:0.4;\nbackground-color:#000000;\n}\n.avia-image-container.av-4bc8ri-9c0b76eda6a5feba3bf3f6b71f59012a .av-image-caption-overlay-center{\ncolor:#ffffff;\n}\n<\/style>\n<div  class='avia-image-container av-4bc8ri-9c0b76eda6a5feba3bf3f6b71f59012a av-styling- av-img-linked avia-align-center  avia-builder-el-9  avia-builder-el-no-sibling  noHover av-overlay-hover-deactivate'   itemprop=\"image\" itemscope=\"itemscope\" itemtype=\"https:\/\/schema.org\/ImageObject\" ><div class=\"avia-image-container-inner\"><div class=\"avia-image-overlay-wrap\"><a href=\"https:\/\/exteriorscastellar.com\/es\/galeria-de-trabajos\/casitas-y-despachos-de-madera\/cf10-caseta-trastero-con-espacio-para-bicicletas\/\" class='avia_image '  aria-label='cf10-01'><div class=\"av-image-caption-overlay\"><div class=\"av-caption-image-overlay-bg\"><\/div><div class=\"av-image-caption-overlay-position\"><div class=\"av-image-caption-overlay-center\"><p>CF10<br \/>\nCaseta \/ Trastero<br \/>\n[ + ]<\/p>\n<\/div><\/div><\/div><img decoding=\"async\" fetchpriority=\"high\" class='wp-image-11054 avia-img-lazy-loading-not-11054 avia_image ' src=\"https:\/\/exteriorscastellar.com\/wp-content\/uploads\/2024\/02\/cf10-01-180x180.jpg\" alt='' title='cf10-01'  height=\"180\" width=\"180\"  itemprop=\"thumbnailUrl\" srcset=\"https:\/\/exteriorscastellar.com\/wp-content\/uploads\/2024\/02\/cf10-01-180x180.jpg 180w, https:\/\/exteriorscastellar.com\/wp-content\/uploads\/2024\/02\/cf10-01-80x80.jpg 80w, https:\/\/exteriorscastellar.com\/wp-content\/uploads\/2024\/02\/cf10-01-36x36.jpg 36w\" sizes=\"(max-width: 180px) 100vw, 180px\" \/><\/a><\/div><\/div><\/div><\/div>\n<style type=\"text\/css\" data-created_by=\"avia_inline_auto\" id=\"style-css-av-kbcha-63b13aacd70915b63852af5d79987a71\">\n.flex_column.av-kbcha-63b13aacd70915b63852af5d79987a71{\nborder-radius:0px 0px 0px 0px;\npadding:0px 0px 0px 0px;\n}\n<\/style>\n<div  class='flex_column av-kbcha-63b13aacd70915b63852af5d79987a71 av_one_third  avia-builder-el-10  el_after_av_one_third  el_before_av_one_third  flex_column_div av-zero-column-padding  column-top-margin'     ><style type=\"text\/css\" data-created_by=\"avia_inline_auto\" id=\"style-css-av-47p2ji-6f227df519fc6ef6a7767e1754f0f2b6\">\n.avia-image-container.av-47p2ji-6f227df519fc6ef6a7767e1754f0f2b6 img.avia_image{\nbox-shadow:none;\n}\n.avia-image-container.av-47p2ji-6f227df519fc6ef6a7767e1754f0f2b6 .av-caption-image-overlay-bg{\nopacity:0.4;\nbackground-color:#000000;\n}\n.avia-image-container.av-47p2ji-6f227df519fc6ef6a7767e1754f0f2b6 .av-image-caption-overlay-center{\ncolor:#ffffff;\n}\n<\/style>\n<div  class='avia-image-container av-47p2ji-6f227df519fc6ef6a7767e1754f0f2b6 av-styling- av-img-linked avia-align-center  avia-builder-el-11  avia-builder-el-no-sibling  noHover av-overlay-hover-deactivate'   itemprop=\"image\" itemscope=\"itemscope\" itemtype=\"https:\/\/schema.org\/ImageObject\" ><div class=\"avia-image-container-inner\"><div class=\"avia-image-overlay-wrap\"><a href=\"https:\/\/exteriorscastellar.com\/es\/galeria-de-trabajos\/casitas-y-despachos-de-madera\/cf09-fachada-de-madera-tecnologica-sintetica-composite-wpc\/\" class='avia_image '  aria-label='cf09-1'><div class=\"av-image-caption-overlay\"><div class=\"av-caption-image-overlay-bg\"><\/div><div class=\"av-image-caption-overlay-position\"><div class=\"av-image-caption-overlay-center\"><p>CF09<br \/>\nFachada madera tecnol\u00f3gica<br \/>\n[ + ]<\/p>\n<\/div><\/div><\/div><img decoding=\"async\" fetchpriority=\"high\" class='wp-image-9125 avia-img-lazy-loading-not-9125 avia_image ' src=\"https:\/\/exteriorscastellar.com\/wp-content\/uploads\/2022\/07\/cf09-1-180x180.jpg\" alt='' title='cf09-1'  height=\"180\" width=\"180\"  itemprop=\"thumbnailUrl\" srcset=\"https:\/\/exteriorscastellar.com\/wp-content\/uploads\/2022\/07\/cf09-1-180x180.jpg 180w, https:\/\/exteriorscastellar.com\/wp-content\/uploads\/2022\/07\/cf09-1-80x80.jpg 80w, https:\/\/exteriorscastellar.com\/wp-content\/uploads\/2022\/07\/cf09-1-36x36.jpg 36w\" sizes=\"(max-width: 180px) 100vw, 180px\" \/><\/a><\/div><\/div><\/div><\/div>\n<style type=\"text\/css\" data-created_by=\"avia_inline_auto\" id=\"style-css-av-5ul9pa-b802f520366b6decd93890a2b19f29d3\">\n.flex_column.av-5ul9pa-b802f520366b6decd93890a2b19f29d3{\nborder-radius:0px 0px 0px 0px;\npadding:0px 0px 0px 0px;\n}\n<\/style>\n<div  class='flex_column av-5ul9pa-b802f520366b6decd93890a2b19f29d3 av_one_third  avia-builder-el-12  el_after_av_one_third  el_before_av_one_third  flex_column_div av-zero-column-padding  column-top-margin'     ><style type=\"text\/css\" data-created_by=\"avia_inline_auto\" id=\"style-css-av-4pauwe-1d0524cfd8625a96840e984fb638aafb\">\n.avia-image-container.av-4pauwe-1d0524cfd8625a96840e984fb638aafb img.avia_image{\nbox-shadow:none;\n}\n.avia-image-container.av-4pauwe-1d0524cfd8625a96840e984fb638aafb .av-caption-image-overlay-bg{\nopacity:0.4;\nbackground-color:#000000;\n}\n.avia-image-container.av-4pauwe-1d0524cfd8625a96840e984fb638aafb .av-image-caption-overlay-center{\ncolor:#ffffff;\n}\n<\/style>\n<div  class='avia-image-container av-4pauwe-1d0524cfd8625a96840e984fb638aafb av-styling- av-img-linked avia-align-center  avia-builder-el-13  avia-builder-el-no-sibling  noHover av-overlay-hover-deactivate'   itemprop=\"image\" itemscope=\"itemscope\" itemtype=\"https:\/\/schema.org\/ImageObject\" ><div class=\"avia-image-container-inner\"><div class=\"avia-image-overlay-wrap\"><a href=\"https:\/\/exteriorscastellar.com\/es\/galeria-de-trabajos\/casitas-y-despachos-de-madera\/cf08-trabajar-en-casa-un-despacho-en-la-terraza\/\" class='avia_image '  aria-label='1'><div class=\"av-image-caption-overlay\"><div class=\"av-caption-image-overlay-bg\"><\/div><div class=\"av-image-caption-overlay-position\"><div class=\"av-image-caption-overlay-center\"><p>CF08<br \/>\nDespacho en la terraza<br \/>\n[ + ]<\/p>\n<\/div><\/div><\/div><img decoding=\"async\" fetchpriority=\"high\" class='wp-image-3775 avia-img-lazy-loading-not-3775 avia_image ' src=\"https:\/\/exteriorscastellar.com\/wp-content\/uploads\/2016\/06\/1-19-180x180.jpg\" alt='' title='1'  height=\"180\" width=\"180\"  itemprop=\"thumbnailUrl\" srcset=\"https:\/\/exteriorscastellar.com\/wp-content\/uploads\/2016\/06\/1-19-180x180.jpg 180w, https:\/\/exteriorscastellar.com\/wp-content\/uploads\/2016\/06\/1-19-80x80.jpg 80w, https:\/\/exteriorscastellar.com\/wp-content\/uploads\/2016\/06\/1-19-36x36.jpg 36w, https:\/\/exteriorscastellar.com\/wp-content\/uploads\/2016\/06\/1-19-120x120.jpg 120w, https:\/\/exteriorscastellar.com\/wp-content\/uploads\/2016\/06\/1-19-450x450.jpg 450w\" sizes=\"(max-width: 180px) 100vw, 180px\" \/><\/a><\/div><\/div><\/div><\/div>\n<style type=\"text\/css\" data-created_by=\"avia_inline_auto\" id=\"style-css-av-6aum8e-c0bf17ecc3cafbecc864755c49499f95\">\n.flex_column.av-6aum8e-c0bf17ecc3cafbecc864755c49499f95{\nborder-radius:0px 0px 0px 0px;\npadding:0px 0px 0px 0px;\n}\n<\/style>\n<div  class='flex_column av-6aum8e-c0bf17ecc3cafbecc864755c49499f95 av_one_third  avia-builder-el-14  el_after_av_one_third  el_before_av_one_third  first flex_column_div av-zero-column-padding  column-top-margin'     ><style type=\"text\/css\" data-created_by=\"avia_inline_auto\" id=\"style-css-av-42wbem-bc55f04ec8ffbadc4a37daecd0b3985a\">\n.avia-image-container.av-42wbem-bc55f04ec8ffbadc4a37daecd0b3985a img.avia_image{\nbox-shadow:none;\n}\n.avia-image-container.av-42wbem-bc55f04ec8ffbadc4a37daecd0b3985a .av-caption-image-overlay-bg{\nopacity:0.4;\nbackground-color:#000000;\n}\n.avia-image-container.av-42wbem-bc55f04ec8ffbadc4a37daecd0b3985a .av-image-caption-overlay-center{\ncolor:#ffffff;\n}\n<\/style>\n<div  class='avia-image-container av-42wbem-bc55f04ec8ffbadc4a37daecd0b3985a av-styling- av-img-linked avia-align-center  avia-builder-el-15  avia-builder-el-no-sibling  noHover av-overlay-hover-deactivate'   itemprop=\"image\" itemscope=\"itemscope\" itemtype=\"https:\/\/schema.org\/ImageObject\" ><div class=\"avia-image-container-inner\"><div class=\"avia-image-overlay-wrap\"><a href=\"https:\/\/exteriorscastellar.com\/es\/galeria-de-trabajos\/casitas-y-despachos-de-madera\/cf07-oficinas-y-despachos-de-madera-teletrabajo\/\" class='avia_image '  aria-label='cf07-1'><div class=\"av-image-caption-overlay\"><div class=\"av-caption-image-overlay-bg\"><\/div><div class=\"av-image-caption-overlay-position\"><div class=\"av-image-caption-overlay-center\"><p>CF07<br \/>\n\u00abHome office\u00bb \u00a1Una necesidad!<br \/>\n[ + ]<\/p>\n<\/div><\/div><\/div><img decoding=\"async\" fetchpriority=\"high\" class='wp-image-8187 avia-img-lazy-loading-not-8187 avia_image ' src=\"https:\/\/exteriorscastellar.com\/wp-content\/uploads\/2021\/07\/cf07-1-180x180.jpg\" alt='' title='cf07-1'  height=\"180\" width=\"180\"  itemprop=\"thumbnailUrl\" srcset=\"https:\/\/exteriorscastellar.com\/wp-content\/uploads\/2021\/07\/cf07-1-180x180.jpg 180w, https:\/\/exteriorscastellar.com\/wp-content\/uploads\/2021\/07\/cf07-1-80x80.jpg 80w, https:\/\/exteriorscastellar.com\/wp-content\/uploads\/2021\/07\/cf07-1-36x36.jpg 36w\" sizes=\"(max-width: 180px) 100vw, 180px\" \/><\/a><\/div><\/div><\/div><\/div>\n<style type=\"text\/css\" data-created_by=\"avia_inline_auto\" id=\"style-css-av-5qzlhq-7e050bd8bb0ddf8de7bedeeea30504db\">\n.flex_column.av-5qzlhq-7e050bd8bb0ddf8de7bedeeea30504db{\nborder-radius:0px 0px 0px 0px;\npadding:0px 0px 0px 0px;\n}\n<\/style>\n<div  class='flex_column av-5qzlhq-7e050bd8bb0ddf8de7bedeeea30504db av_one_third  avia-builder-el-16  el_after_av_one_third  el_before_av_one_third  flex_column_div av-zero-column-padding  column-top-margin'     ><style type=\"text\/css\" data-created_by=\"avia_inline_auto\" id=\"style-css-av-3klnzi-237f525c97a5e585c64c9a3523d44665\">\n.avia-image-container.av-3klnzi-237f525c97a5e585c64c9a3523d44665 img.avia_image{\nbox-shadow:none;\n}\n.avia-image-container.av-3klnzi-237f525c97a5e585c64c9a3523d44665 .av-caption-image-overlay-bg{\nopacity:0.4;\nbackground-color:#000000;\n}\n.avia-image-container.av-3klnzi-237f525c97a5e585c64c9a3523d44665 .av-image-caption-overlay-center{\ncolor:#ffffff;\n}\n<\/style>\n<div  class='avia-image-container av-3klnzi-237f525c97a5e585c64c9a3523d44665 av-styling- av-img-linked avia-align-center  avia-builder-el-17  avia-builder-el-no-sibling  noHover av-overlay-hover-deactivate'   itemprop=\"image\" itemscope=\"itemscope\" itemtype=\"https:\/\/schema.org\/ImageObject\" ><div class=\"avia-image-container-inner\"><div class=\"avia-image-overlay-wrap\"><a href=\"https:\/\/exteriorscastellar.com\/es\/galeria-de-trabajos\/casitas-y-despachos-de-madera\/cf06-ampliacion-vivienda-construccion-con-madera-en-una-terraza-de-sabadell\/\" class='avia_image '  aria-label='cf06-01'><div class=\"av-image-caption-overlay\"><div class=\"av-caption-image-overlay-bg\"><\/div><div class=\"av-image-caption-overlay-position\"><div class=\"av-image-caption-overlay-center\"><p>CF06<br \/>\nAmpliaci\u00f3n vivienda con madera<br \/>\n[ + ]<\/p>\n<\/div><\/div><\/div><img decoding=\"async\" fetchpriority=\"high\" class='wp-image-4199 avia-img-lazy-loading-not-4199 avia_image ' src=\"https:\/\/exteriorscastellar.com\/wp-content\/uploads\/2018\/02\/cf06-01-180x180.jpg\" alt='' title='cf06-01'  height=\"180\" width=\"180\"  itemprop=\"thumbnailUrl\" srcset=\"https:\/\/exteriorscastellar.com\/wp-content\/uploads\/2018\/02\/cf06-01-180x180.jpg 180w, https:\/\/exteriorscastellar.com\/wp-content\/uploads\/2018\/02\/cf06-01-80x80.jpg 80w, https:\/\/exteriorscastellar.com\/wp-content\/uploads\/2018\/02\/cf06-01-36x36.jpg 36w, https:\/\/exteriorscastellar.com\/wp-content\/uploads\/2018\/02\/cf06-01-120x120.jpg 120w, https:\/\/exteriorscastellar.com\/wp-content\/uploads\/2018\/02\/cf06-01-450x450.jpg 450w\" sizes=\"(max-width: 180px) 100vw, 180px\" \/><\/a><\/div><\/div><\/div><\/div>\n<style type=\"text\/css\" data-created_by=\"avia_inline_auto\" id=\"style-css-av-k6mqa6-62d2cda77870922b3f8140056fd5f05a\">\n.flex_column.av-k6mqa6-62d2cda77870922b3f8140056fd5f05a{\nborder-radius:0px 0px 0px 0px;\npadding:0px 0px 0px 0px;\n}\n<\/style>\n<div  class='flex_column av-k6mqa6-62d2cda77870922b3f8140056fd5f05a av_one_third  avia-builder-el-18  el_after_av_one_third  el_before_av_one_third  flex_column_div av-zero-column-padding  column-top-margin'     ><style type=\"text\/css\" data-created_by=\"avia_inline_auto\" id=\"style-css-av-ixeuvy-27c407960d4d62675a73d43e04cdcdc3\">\n.avia-image-container.av-ixeuvy-27c407960d4d62675a73d43e04cdcdc3 img.avia_image{\nbox-shadow:none;\n}\n.avia-image-container.av-ixeuvy-27c407960d4d62675a73d43e04cdcdc3 .av-caption-image-overlay-bg{\nopacity:0.4;\nbackground-color:#000000;\n}\n.avia-image-container.av-ixeuvy-27c407960d4d62675a73d43e04cdcdc3 .av-image-caption-overlay-center{\ncolor:#ffffff;\n}\n<\/style>\n<div  class='avia-image-container av-ixeuvy-27c407960d4d62675a73d43e04cdcdc3 av-styling- av-img-linked avia-align-center  avia-builder-el-19  avia-builder-el-no-sibling  noHover av-overlay-hover-deactivate'   itemprop=\"image\" itemscope=\"itemscope\" itemtype=\"https:\/\/schema.org\/ImageObject\" ><div class=\"avia-image-container-inner\"><div class=\"avia-image-overlay-wrap\"><a href=\"https:\/\/exteriorscastellar.com\/es\/galeria-de-trabajos\/casitas-y-despachos-de-madera\/cf05-despacho-de-madera-en-terraza-de-sant-cugat-del-valles\/\" class='avia_image '  aria-label='1'><div class=\"av-image-caption-overlay\"><div class=\"av-caption-image-overlay-bg\"><\/div><div class=\"av-image-caption-overlay-position\"><div class=\"av-image-caption-overlay-center\"><p>CF05<br \/>\nDespacho Sant Cugat del Vall\u00e9s<br \/>\n[ + ]<\/p>\n<\/div><\/div><\/div><img decoding=\"async\" fetchpriority=\"high\" class='wp-image-3748 avia-img-lazy-loading-not-3748 avia_image ' src=\"https:\/\/exteriorscastellar.com\/wp-content\/uploads\/2016\/06\/1-17-180x180.jpg\" alt='' title='1'  height=\"180\" width=\"180\"  itemprop=\"thumbnailUrl\" srcset=\"https:\/\/exteriorscastellar.com\/wp-content\/uploads\/2016\/06\/1-17-180x180.jpg 180w, https:\/\/exteriorscastellar.com\/wp-content\/uploads\/2016\/06\/1-17-80x80.jpg 80w, https:\/\/exteriorscastellar.com\/wp-content\/uploads\/2016\/06\/1-17-36x36.jpg 36w, https:\/\/exteriorscastellar.com\/wp-content\/uploads\/2016\/06\/1-17-120x120.jpg 120w, https:\/\/exteriorscastellar.com\/wp-content\/uploads\/2016\/06\/1-17-450x450.jpg 450w\" sizes=\"(max-width: 180px) 100vw, 180px\" \/><\/a><\/div><\/div><\/div><\/div>\n<style type=\"text\/css\" data-created_by=\"avia_inline_auto\" id=\"style-css-av-60zw66-9c23a684951e10015528aa1f10d0da8f\">\n.flex_column.av-60zw66-9c23a684951e10015528aa1f10d0da8f{\nborder-radius:0px 0px 0px 0px;\npadding:0px 0px 0px 0px;\n}\n<\/style>\n<div  class='flex_column av-60zw66-9c23a684951e10015528aa1f10d0da8f av_one_third  avia-builder-el-20  el_after_av_one_third  avia-builder-el-last  first flex_column_div av-zero-column-padding  column-top-margin'     ><style type=\"text\/css\" data-created_by=\"avia_inline_auto\" id=\"style-css-av-4e91wu-47d1854c53f09540bd535a645211c121\">\n.avia-image-container.av-4e91wu-47d1854c53f09540bd535a645211c121 img.avia_image{\nbox-shadow:none;\n}\n.avia-image-container.av-4e91wu-47d1854c53f09540bd535a645211c121 .av-caption-image-overlay-bg{\nopacity:0.4;\nbackground-color:#000000;\n}\n.avia-image-container.av-4e91wu-47d1854c53f09540bd535a645211c121 .av-image-caption-overlay-center{\ncolor:#ffffff;\n}\n<\/style>\n<div  class='avia-image-container av-4e91wu-47d1854c53f09540bd535a645211c121 av-styling- av-img-linked avia-align-center  avia-builder-el-21  avia-builder-el-no-sibling  noHover av-overlay-hover-deactivate'   itemprop=\"image\" itemscope=\"itemscope\" itemtype=\"https:\/\/schema.org\/ImageObject\" ><div class=\"avia-image-container-inner\"><div class=\"avia-image-overlay-wrap\"><a href=\"https:\/\/exteriorscastellar.com\/es\/galeria-de-trabajos\/casitas-y-despachos-de-madera\/cf04-ampliacion-con-madera-para-un-pequeno-gimnasio-en-la-terraza\/\" class='avia_image '  aria-label='1'><div class=\"av-image-caption-overlay\"><div class=\"av-caption-image-overlay-bg\"><\/div><div class=\"av-image-caption-overlay-position\"><div class=\"av-image-caption-overlay-center\"><p>CF04<br \/>\nGimnasio en la terraza<br \/>\n[ + ]<\/p>\n<\/div><\/div><\/div><img decoding=\"async\" fetchpriority=\"high\" class='wp-image-3743 avia-img-lazy-loading-not-3743 avia_image ' src=\"https:\/\/exteriorscastellar.com\/wp-content\/uploads\/2016\/06\/1-16-180x180.jpg\" alt='' title='1'  height=\"180\" width=\"180\"  itemprop=\"thumbnailUrl\" srcset=\"https:\/\/exteriorscastellar.com\/wp-content\/uploads\/2016\/06\/1-16-180x180.jpg 180w, https:\/\/exteriorscastellar.com\/wp-content\/uploads\/2016\/06\/1-16-80x80.jpg 80w, https:\/\/exteriorscastellar.com\/wp-content\/uploads\/2016\/06\/1-16-36x36.jpg 36w, https:\/\/exteriorscastellar.com\/wp-content\/uploads\/2016\/06\/1-16-120x120.jpg 120w, https:\/\/exteriorscastellar.com\/wp-content\/uploads\/2016\/06\/1-16-450x450.jpg 450w\" sizes=\"(max-width: 180px) 100vw, 180px\" \/><\/a><\/div><\/div><\/div><\/div><\/p>\n","protected":false},"excerpt":{"rendered":"<p>Proyectos de mantenimiento de casas de madera y rehabilitaci\u00f3n estructural se desarrollan con la m\u00e1xima profesionalidad como especialistas de este tipo de obra<\/p>\n","protected":false},"author":2,"featured_media":0,"parent":1690,"menu_order":0,"comment_status":"closed","ping_status":"closed","template":"","meta":{"slim_seo":{"title":"Casitas y Despachos de Madera - Exteriors Castellar","description":"Proyectos de mantenimiento de casas de madera y rehabilitaci\u00f3n estructural se desarrollan con la m\u00e1xima profesionalidad como especialistas de este tipo de obra"},"footnotes":"","_wp_rev_ctl_limit":"5"},"class_list":["post-1710","page","type-page","status-publish","hentry"],"_links":{"self":[{"href":"https:\/\/exteriorscastellar.com\/es\/wp-json\/wp\/v2\/pages\/1710","targetHints":{"allow":["GET"]}}],"collection":[{"href":"https:\/\/exteriorscastellar.com\/es\/wp-json\/wp\/v2\/pages"}],"about":[{"href":"https:\/\/exteriorscastellar.com\/es\/wp-json\/wp\/v2\/types\/page"}],"author":[{"embeddable":true,"href":"https:\/\/exteriorscastellar.com\/es\/wp-json\/wp\/v2\/users\/2"}],"replies":[{"embeddable":true,"href":"https:\/\/exteriorscastellar.com\/es\/wp-json\/wp\/v2\/comments?post=1710"}],"version-history":[{"count":2,"href":"https:\/\/exteriorscastellar.com\/es\/wp-json\/wp\/v2\/pages\/1710\/revisions"}],"predecessor-version":[{"id":15630,"href":"https:\/\/exteriorscastellar.com\/es\/wp-json\/wp\/v2\/pages\/1710\/revisions\/15630"}],"up":[{"embeddable":true,"href":"https:\/\/exteriorscastellar.com\/es\/wp-json\/wp\/v2\/pages\/1690"}],"wp:attachment":[{"href":"https:\/\/exteriorscastellar.com\/es\/wp-json\/wp\/v2\/media?parent=1710"}],"curies":[{"name":"wp","href":"https:\/\/api.w.org\/{rel}","templated":true}]}}